{"id":7102,"date":"2013-12-17T09:39:11","date_gmt":"2013-12-17T08:39:11","guid":{"rendered":"https:\/\/alpen-tour.at\/person-page\/"},"modified":"2025-06-09T19:11:19","modified_gmt":"2025-06-09T17:11:19","slug":"stage-2","status":"publish","type":"page","link":"https:\/\/alpen-tour.at\/de\/stage-2\/","title":{"rendered":"Etappe 2"},"content":{"rendered":"<section class=\"l-section wpb_row height_medium\"><div class=\"l-section-h i-cf\"><div class=\"g-cols vc_row via_grid cols_1 laptops-cols_inherit tablets-cols_inherit mobiles-cols_1 valign_top type_default stacking_default\"><div class=\"wpb_column vc_column_container\"><div class=\"vc_column-inner\"><div class=\"g-cols wpb_row via_grid cols_1-2 laptops-cols_inherit tablets-cols_inherit mobiles-cols_1 valign_top type_default stacking_default\" style=\"--columns-gap:3rem;\"><div class=\"wpb_column vc_column_container\"><div class=\"vc_column-inner\"><div class=\"wpb_text_column\"><div class=\"wpb_wrapper\"><h2><strong>ETAPPE 02<br \/>\n<\/strong><\/h2>\n<div id=\"c293\" class=\"csc-default\">\n<h4><b>Ramsau am Dachstein<\/b><br \/>\n70 km\/2760 m<\/h4>\n<\/div>\n<\/div><\/div><div class=\"w-separator size_medium\"><\/div><div class=\"wpb_text_column\"><div class=\"wpb_wrapper\"><h4><strong>INFO SUPPORT<\/strong><\/h4>\n<div id=\"c293\" class=\"csc-default\">\n<p><strong>TFZ 1 T\u00fcrlwandh\u00fctte KM 21,6<\/strong><b><br \/>\n<\/b>NAVI: Schildlehen 66, 8972 Ramsau<br \/>\n47\u00b026\u201858.71\u201cN \/13\u00b037\u20186.07\u201cE<\/p>\n<p><strong>TFZ 2 Pichl KM 50,0<\/strong><br \/>\nNAVI: Badesee Pichl<br \/>\nPichl 150, 8973 Pichl-Preunegg<br \/>\n47\u00b023\u201813.00\u201cN \/ 13\u00b036\u201844.80\u201cE<\/p>\n<p><strong>TFZ 3 GH Landalm KM 62,7<\/strong><br \/>\nNAVI: Bachweg 120, 8971 Rohrmoos<br \/>\n47\u00b022\u201818.50\u201cN\/13\u00b040\u201835.90\u201cE<\/p>\n<\/div>\n<\/div><\/div><div class=\"w-separator size_small\"><\/div><div class=\"wpb_text_column\"><div class=\"wpb_wrapper\"><h4><strong>Time Limit<\/strong><\/h4>\n<div id=\"c293\" class=\"csc-default\">\n<p class=\"p1\">TFZ2<span class=\"Apple-tab-span\"> <\/span>14:30<br \/>\nFinish<span class=\"Apple-tab-span\"> <\/span>17:22 (\u00d8 9,5 km\/h)<\/p>\n<\/div>\n<\/div><\/div><div class=\"w-separator size_small\"><\/div><div class=\"wpb_text_column\"><div class=\"wpb_wrapper\"><h4><b>Zeiten bei \u00d8 22 km\/h<\/b><\/h4>\n<ul>\n<li class=\"p2\"><span class=\"s1\"><b>Lodenwalker <\/b><\/span>9,5 km\/10:25 Uhr<\/li>\n<li class=\"p2\"><span class=\"s1\"><b>GH Edelbrunn <\/b><\/span>17,5 km\/10:47 Uhr<\/li>\n<li class=\"p3\"><b>TFZ1 &#8211; T\u00fcrlwandh\u00fctte <\/b><span class=\"s2\">21,6 km\/10:58 Uhr<\/span><\/li>\n<li class=\"p3\"><b>Rittisberg Gipfelkreuz <\/b><span class=\"s2\">34,4 km\/11:33 Uhr<\/span><\/li>\n<li class=\"p3\"><b>TFZ2 &#8211; Badesee Pichl <\/b><span class=\"s2\">50,0 km \/12:16 Uhr<\/span><\/li>\n<li class=\"p2\"><span class=\"s1\"><b>Winterer <\/b><\/span>55,1 km \/12:30 Uhr<\/li>\n<li class=\"p2\"><span class=\"s1\"><b>TFZ3 &#8211; Landalm <\/b><\/span>62,7 km \/ 12:51 Uhr<\/li>\n<li class=\"p2\"><span class=\"s1\"><b>Start Downhill <\/b><\/span>68,2 km \/13:06Uhr<\/li>\n<li class=\"p2\"><span class=\"s1\"><b>Ziel Planai <\/b><\/span>70,0 km \/13:10 Uhr<\/li>\n<\/ul>\n<\/div><\/div><\/div><\/div><div class=\"wpb_column vc_column_container\"><div class=\"vc_column-inner\"><div class=\"w-separator size_medium\"><\/div><div class=\"w-image align_center\"><a ref=\"magnificPopup\" href=\"https:\/\/alpen-tour.at\/wp-content\/uploads\/2025\/06\/Maps_Alpentour_Ramsau.jpg\" aria-label=\"Maps_Alpentour_Ramsau\" class=\"w-image-h\"><img decoding=\"async\" width=\"1654\" height=\"1169\" src=\"https:\/\/alpen-tour.at\/wp-content\/uploads\/2025\/06\/Maps_Alpentour_Ramsau.jpg\" class=\"attachment-full size-full\" alt=\"\" loading=\"lazy\" srcset=\"https:\/\/alpen-tour.at\/wp-content\/uploads\/2025\/06\/Maps_Alpentour_Ramsau.jpg 1654w, https:\/\/alpen-tour.at\/wp-content\/uploads\/2025\/06\/Maps_Alpentour_Ramsau-300x212.jpg 300w, https:\/\/alpen-tour.at\/wp-content\/uploads\/2025\/06\/Maps_Alpentour_Ramsau-1024x724.jpg 1024w, https:\/\/alpen-tour.at\/wp-content\/uploads\/2025\/06\/Maps_Alpentour_Ramsau-600x424.jpg 600w\" sizes=\"(max-width: 1654px) 100vw, 1654px\" \/><\/a><\/div><div class=\"w-separator size_medium\"><\/div><div class=\"w-image align_center\"><div class=\"w-image-h\"><img decoding=\"async\" width=\"826\" height=\"362\" src=\"https:\/\/alpen-tour.at\/wp-content\/uploads\/2024\/06\/Profile_Ramsau-Dachstein.png\" class=\"attachment-full size-full\" alt=\"\" loading=\"lazy\" srcset=\"https:\/\/alpen-tour.at\/wp-content\/uploads\/2024\/06\/Profile_Ramsau-Dachstein.png 826w, https:\/\/alpen-tour.at\/wp-content\/uploads\/2024\/06\/Profile_Ramsau-Dachstein-300x131.png 300w, https:\/\/alpen-tour.at\/wp-content\/uploads\/2024\/06\/Profile_Ramsau-Dachstein-600x263.png 600w\" sizes=\"(max-width: 826px) 100vw, 826px\" \/><\/div><\/div><\/div><\/div><\/div><\/div><\/div><\/div><\/div><\/section><section class=\"l-section wpb_row height_medium\"><div class=\"l-section-h i-cf\"><div class=\"g-cols vc_row via_grid cols_1 laptops-cols_inherit tablets-cols_inherit mobiles-cols_1 valign_top type_default stacking_default\"><div class=\"wpb_column vc_column_container\"><div class=\"vc_column-inner\">[vc_raw_html css=&#8220;%7B%22default%22%3A%7B%22text-align%22%3A%22center%22%7D%7D&#8220;]JTNDaWZyYW1lJTIwc3JjJTNEJTIyaHR0cHMlM0ElMkYlMkZ3d3cuZ29vZ2xlLmNvbSUyRm1hcHMlMkZkJTJGZW1iZWQlM0ZtaWQlM0QxamVzUXA5V3J6OS04LUNZM29XQXh2N3ctQUhqV1R2NCUyNmVoYmMlM0QyRTMxMkYlMjIlMjB3aWR0aCUzRCUyMjEyNDAlMjIlMjBoZWlnaHQlM0QlMjI3ODAlMjIlM0UlM0MlMkZpZnJhbWUlM0U=[\/vc_raw_html]<\/div><\/div><\/div><\/div><\/section><section class=\"l-section wpb_row height_medium\"><div class=\"l-section-h i-cf\"><div class=\"g-cols vc_row via_grid cols_1 laptops-cols_inherit tablets-cols_inherit mobiles-cols_1 valign_top type_default stacking_default\"><div class=\"wpb_column vc_column_container\"><div class=\"vc_column-inner\"><div class=\"wpb_text_column\"><div class=\"wpb_wrapper\"><h4><strong>Etappenbeschreibung<\/strong><\/h4>\n<p><strong>2. Etappe:<\/strong><strong> Schladming \u2013 Dachstein T\u00fcrlwandh\u00fctte \u2013 Schladming<\/strong><\/p>\n<p>Der Start zur ersten Etappe erfolgt um 10 Uhr am Hauptplatz, die ersten 3 km werden neutralisiert bis zum Ortsende von Schladming gefahren. Nach einem moderaten Anstieg und einer kurzen Abfahrt erreichen wir Lodenwalker. Dann beginnt der 13 km lange Aufstieg bis zur T\u00fcrlwandh\u00fctte auf 1.690 m mit der ersten Verpflegungsstation und Bergwertung am Fu\u00dfe des fast 3.000 m hohen Dachsteins.<\/p>\n<p>Weiter geht es \u00fcber die Terrasse der T\u00fcrlwandh\u00fctte \u00fcber eine 8 km lange Abfahrt mit zahlreichen Singletracks hinunter Richtung Ramsau. Die n\u00e4chste Herausforderung ist der kurze, aber steile Anstieg zum Rittisberg. Dann folgt die lange Abfahrt mit einem kurzen Anstieg zur zweiten Verpflegungsstation in Pichl bei km 48.<\/p>\n<p>Bis zur 3. Verpflegungsstelle bei km 60 gibt es noch einen 5 km langen Anstieg mit einer schnellen Abfahrt. Von der Landalm sind noch 200 H\u00f6henmeter zu \u00fcberwinden, bevor es \u00fcber die Planai hinunter ins Ziel-Stadion geht.<\/p>\n<\/div><\/div><div class=\"w-separator size_medium\"><\/div><div class=\"w-grid us_grid type_masonry layout_gallery_default cols_3 preload_style_spinner with_isotope\" id=\"us_grid_1\" style=\"--columns:3;--gap:0rem;\" data-filterable=\"true\"><style>@media (max-width:1024px){#us_grid_1{--columns:2!important}}@media (max-width:600px){#us_grid_1{--columns:1!important}}.layout_gallery_default .w-grid-item-h{}<\/style><div class=\"w-grid-list\">\t<article class=\"w-grid-item size_1x1 post-13382 attachment type-attachment status-inherit hentry\" data-id=\"13382\">\r\n\t\t<div class=\"w-grid-item-h\">\r\n\t\t\t\t\t\t<div class=\"w-post-elm post_image usg_post_image_1 stretched\"><img loading=\"lazy\" decoding=\"async\" width=\"1024\" height=\"683\" src=\"https:\/\/alpen-tour.at\/wp-content\/uploads\/2023\/03\/Alpentour-st1-35-1024x683.jpg\" class=\"attachment-large size-large\" alt=\"\" srcset=\"https:\/\/alpen-tour.at\/wp-content\/uploads\/2023\/03\/Alpentour-st1-35-1024x683.jpg 1024w, https:\/\/alpen-tour.at\/wp-content\/uploads\/2023\/03\/Alpentour-st1-35-300x200.jpg 300w, https:\/\/alpen-tour.at\/wp-content\/uploads\/2023\/03\/Alpentour-st1-35-600x400.jpg 600w\" sizes=\"(max-width: 1024px) 100vw, 1024px\" \/><\/div>\t\t<\/div>\r\n\t\t\t<\/article>\r\n\t<article class=\"w-grid-item size_1x1 post-13380 attachment type-attachment status-inherit hentry\" data-id=\"13380\">\r\n\t\t<div class=\"w-grid-item-h\">\r\n\t\t\t\t\t\t<div class=\"w-post-elm post_image usg_post_image_1 stretched\"><img loading=\"lazy\" decoding=\"async\" width=\"1024\" height=\"683\" src=\"https:\/\/alpen-tour.at\/wp-content\/uploads\/2023\/03\/Alpentour-st1-03-1024x683.jpg\" class=\"attachment-large size-large\" alt=\"\" srcset=\"https:\/\/alpen-tour.at\/wp-content\/uploads\/2023\/03\/Alpentour-st1-03-1024x683.jpg 1024w, https:\/\/alpen-tour.at\/wp-content\/uploads\/2023\/03\/Alpentour-st1-03-300x200.jpg 300w, https:\/\/alpen-tour.at\/wp-content\/uploads\/2023\/03\/Alpentour-st1-03-600x400.jpg 600w\" sizes=\"(max-width: 1024px) 100vw, 1024px\" \/><\/div>\t\t<\/div>\r\n\t\t\t<\/article>\r\n\t<article class=\"w-grid-item size_1x1 post-13378 attachment type-attachment status-inherit hentry\" data-id=\"13378\">\r\n\t\t<div class=\"w-grid-item-h\">\r\n\t\t\t\t\t\t<div class=\"w-post-elm post_image usg_post_image_1 stretched\"><img loading=\"lazy\" decoding=\"async\" width=\"1024\" height=\"683\" src=\"https:\/\/alpen-tour.at\/wp-content\/uploads\/2023\/03\/Alpentour-st1-60-1024x683.jpg\" class=\"attachment-large size-large\" alt=\"\" srcset=\"https:\/\/alpen-tour.at\/wp-content\/uploads\/2023\/03\/Alpentour-st1-60-1024x683.jpg 1024w, https:\/\/alpen-tour.at\/wp-content\/uploads\/2023\/03\/Alpentour-st1-60-300x200.jpg 300w, https:\/\/alpen-tour.at\/wp-content\/uploads\/2023\/03\/Alpentour-st1-60-600x400.jpg 600w\" sizes=\"(max-width: 1024px) 100vw, 1024px\" \/><\/div>\t\t<\/div>\r\n\t\t\t<\/article>\r\n\t<article class=\"w-grid-item size_1x1 post-13376 attachment type-attachment status-inherit hentry\" data-id=\"13376\">\r\n\t\t<div class=\"w-grid-item-h\">\r\n\t\t\t\t\t\t<div class=\"w-post-elm post_image usg_post_image_1 stretched\"><img loading=\"lazy\" decoding=\"async\" width=\"1024\" height=\"683\" src=\"https:\/\/alpen-tour.at\/wp-content\/uploads\/2023\/03\/Alpentour-st1-19-1024x683.jpg\" class=\"attachment-large size-large\" alt=\"\" srcset=\"https:\/\/alpen-tour.at\/wp-content\/uploads\/2023\/03\/Alpentour-st1-19-1024x683.jpg 1024w, https:\/\/alpen-tour.at\/wp-content\/uploads\/2023\/03\/Alpentour-st1-19-300x200.jpg 300w, https:\/\/alpen-tour.at\/wp-content\/uploads\/2023\/03\/Alpentour-st1-19-600x400.jpg 600w\" sizes=\"(max-width: 1024px) 100vw, 1024px\" \/><\/div>\t\t<\/div>\r\n\t\t\t<\/article>\r\n\t<article class=\"w-grid-item size_1x1 post-13374 attachment type-attachment status-inherit hentry\" data-id=\"13374\">\r\n\t\t<div class=\"w-grid-item-h\">\r\n\t\t\t\t\t\t<div class=\"w-post-elm post_image usg_post_image_1 stretched\"><img loading=\"lazy\" decoding=\"async\" width=\"1024\" height=\"683\" src=\"https:\/\/alpen-tour.at\/wp-content\/uploads\/2023\/03\/Alpentour-st1-33-1024x683.jpg\" class=\"attachment-large size-large\" alt=\"\" srcset=\"https:\/\/alpen-tour.at\/wp-content\/uploads\/2023\/03\/Alpentour-st1-33-1024x683.jpg 1024w, https:\/\/alpen-tour.at\/wp-content\/uploads\/2023\/03\/Alpentour-st1-33-300x200.jpg 300w, https:\/\/alpen-tour.at\/wp-content\/uploads\/2023\/03\/Alpentour-st1-33-600x400.jpg 600w\" sizes=\"(max-width: 1024px) 100vw, 1024px\" \/><\/div>\t\t<\/div>\r\n\t\t\t<\/article>\r\n\t<article class=\"w-grid-item size_1x1 post-13372 attachment type-attachment status-inherit hentry\" data-id=\"13372\">\r\n\t\t<div class=\"w-grid-item-h\">\r\n\t\t\t\t\t\t<div class=\"w-post-elm post_image usg_post_image_1 stretched\"><img loading=\"lazy\" decoding=\"async\" width=\"1024\" height=\"683\" src=\"https:\/\/alpen-tour.at\/wp-content\/uploads\/2023\/03\/Alpentour-st1-10-1024x683.jpg\" class=\"attachment-large size-large\" alt=\"\" srcset=\"https:\/\/alpen-tour.at\/wp-content\/uploads\/2023\/03\/Alpentour-st1-10-1024x683.jpg 1024w, https:\/\/alpen-tour.at\/wp-content\/uploads\/2023\/03\/Alpentour-st1-10-300x200.jpg 300w, https:\/\/alpen-tour.at\/wp-content\/uploads\/2023\/03\/Alpentour-st1-10-600x400.jpg 600w\" sizes=\"(max-width: 1024px) 100vw, 1024px\" \/><\/div>\t\t<\/div>\r\n\t\t\t<\/article>\r\n\t<article class=\"w-grid-item size_1x1 post-13368 attachment type-attachment status-inherit hentry\" data-id=\"13368\">\r\n\t\t<div class=\"w-grid-item-h\">\r\n\t\t\t\t\t\t<div class=\"w-post-elm post_image usg_post_image_1 stretched\"><img loading=\"lazy\" decoding=\"async\" width=\"1024\" height=\"682\" src=\"https:\/\/alpen-tour.at\/wp-content\/uploads\/2023\/03\/Alpentourtrophy_23.-Juni-2022_29-1024x682.jpg\" class=\"attachment-large size-large\" alt=\"\" srcset=\"https:\/\/alpen-tour.at\/wp-content\/uploads\/2023\/03\/Alpentourtrophy_23.-Juni-2022_29-1024x682.jpg 1024w, https:\/\/alpen-tour.at\/wp-content\/uploads\/2023\/03\/Alpentourtrophy_23.-Juni-2022_29-300x200.jpg 300w, https:\/\/alpen-tour.at\/wp-content\/uploads\/2023\/03\/Alpentourtrophy_23.-Juni-2022_29-600x400.jpg 600w\" sizes=\"(max-width: 1024px) 100vw, 1024px\" \/><\/div>\t\t<\/div>\r\n\t\t\t<\/article>\r\n\t<article class=\"w-grid-item size_1x1 post-13366 attachment type-attachment status-inherit hentry\" data-id=\"13366\">\r\n\t\t<div class=\"w-grid-item-h\">\r\n\t\t\t\t\t\t<div class=\"w-post-elm post_image usg_post_image_1 stretched\"><img loading=\"lazy\" decoding=\"async\" width=\"1024\" height=\"683\" src=\"https:\/\/alpen-tour.at\/wp-content\/uploads\/2023\/03\/Alpentour-st1-52-1024x683.jpg\" class=\"attachment-large size-large\" alt=\"\" srcset=\"https:\/\/alpen-tour.at\/wp-content\/uploads\/2023\/03\/Alpentour-st1-52-1024x683.jpg 1024w, https:\/\/alpen-tour.at\/wp-content\/uploads\/2023\/03\/Alpentour-st1-52-300x200.jpg 300w, https:\/\/alpen-tour.at\/wp-content\/uploads\/2023\/03\/Alpentour-st1-52-600x400.jpg 600w\" sizes=\"(max-width: 1024px) 100vw, 1024px\" \/><\/div>\t\t<\/div>\r\n\t\t\t<\/article>\r\n\t<article class=\"w-grid-item size_1x1 post-13364 attachment type-attachment status-inherit hentry\" data-id=\"13364\">\r\n\t\t<div class=\"w-grid-item-h\">\r\n\t\t\t\t\t\t<div class=\"w-post-elm post_image usg_post_image_1 stretched\"><img loading=\"lazy\" decoding=\"async\" width=\"1024\" height=\"683\" src=\"https:\/\/alpen-tour.at\/wp-content\/uploads\/2023\/03\/Alpentour-st1-38-1024x683.jpg\" class=\"attachment-large size-large\" alt=\"\" srcset=\"https:\/\/alpen-tour.at\/wp-content\/uploads\/2023\/03\/Alpentour-st1-38-1024x683.jpg 1024w, https:\/\/alpen-tour.at\/wp-content\/uploads\/2023\/03\/Alpentour-st1-38-300x200.jpg 300w, https:\/\/alpen-tour.at\/wp-content\/uploads\/2023\/03\/Alpentour-st1-38-600x400.jpg 600w\" sizes=\"(max-width: 1024px) 100vw, 1024px\" \/><\/div>\t\t<\/div>\r\n\t\t\t<\/article>\r\n<\/div>\t<div class=\"w-grid-preloader\">\r\n\t\t<div class=\"g-preloader type_1\">\r\n\t\t\t<div><\/div>\r\n\t\t<\/div>\r\n\t<\/div>\r\n\t\t<div class=\"w-grid-json hidden\" onclick='return {&quot;action&quot;:&quot;us_ajax_grid&quot;,&quot;infinite_scroll&quot;:0,&quot;max_num_pages&quot;:1,&quot;pagination&quot;:&quot;none&quot;,&quot;template_vars&quot;:{&quot;columns&quot;:&quot;3&quot;,&quot;exclude_items&quot;:&quot;none&quot;,&quot;img_size&quot;:&quot;default&quot;,&quot;ignore_items_size&quot;:0,&quot;items_layout&quot;:&quot;gallery_default&quot;,&quot;items_offset&quot;:&quot;1&quot;,&quot;load_animation&quot;:&quot;none&quot;,&quot;overriding_link&quot;:&quot;{\\&quot;url\\&quot;:\\&quot;\\&quot;}&quot;,&quot;post_id&quot;:0,&quot;query_args&quot;:{&quot;post_type&quot;:[&quot;attachment&quot;],&quot;post__in&quot;:[&quot;13363&quot;,&quot;13365&quot;,&quot;13367&quot;,&quot;13371&quot;,&quot;13373&quot;,&quot;13375&quot;,&quot;13377&quot;,&quot;13381&quot;,&quot;13379&quot;],&quot;post_status&quot;:&quot;inherit&quot;,&quot;post_mime_type&quot;:&quot;image&quot;,&quot;posts_per_page&quot;:&quot;10&quot;},&quot;orderby_query_args&quot;:{&quot;orderby&quot;:{&quot;date&quot;:&quot;DESC&quot;}},&quot;type&quot;:&quot;masonry&quot;,&quot;us_grid_post_type&quot;:&quot;attachment&quot;,&quot;us_grid_ajax_index&quot;:1,&quot;us_grid_filter_query_string&quot;:null,&quot;us_grid_index&quot;:1,&quot;page_args&quot;:[],&quot;lang&quot;:&quot;de&quot;}}'><\/div>\r\n\t<\/div><\/div><\/div><\/div><\/div><\/section>\n","protected":false},"excerpt":{"rendered":"","protected":false},"author":1,"featured_media":0,"parent":0,"menu_order":31,"comment_status":"closed","ping_status":"closed","template":"","meta":{"footnotes":""},"class_list":["post-7102","page","type-page","status-publish","hentry"],"_links":{"self":[{"href":"https:\/\/alpen-tour.at\/de\/wp-json\/wp\/v2\/pages\/7102"}],"collection":[{"href":"https:\/\/alpen-tour.at\/de\/wp-json\/wp\/v2\/pages"}],"about":[{"href":"https:\/\/alpen-tour.at\/de\/wp-json\/wp\/v2\/types\/page"}],"author":[{"embeddable":true,"href":"https:\/\/alpen-tour.at\/de\/wp-json\/wp\/v2\/users\/1"}],"replies":[{"embeddable":true,"href":"https:\/\/alpen-tour.at\/de\/wp-json\/wp\/v2\/comments?post=7102"}],"version-history":[{"count":53,"href":"https:\/\/alpen-tour.at\/de\/wp-json\/wp\/v2\/pages\/7102\/revisions"}],"predecessor-version":[{"id":24456,"href":"https:\/\/alpen-tour.at\/de\/wp-json\/wp\/v2\/pages\/7102\/revisions\/24456"}],"wp:attachment":[{"href":"https:\/\/alpen-tour.at\/de\/wp-json\/wp\/v2\/media?parent=7102"}],"curies":[{"name":"wp","href":"https:\/\/api.w.org\/{rel}","templated":true}]}}