{"id":10030,"date":"2020-11-03T14:44:30","date_gmt":"2020-11-03T13:44:30","guid":{"rendered":"https:\/\/alpen-tour.at\/?page_id=10030"},"modified":"2023-07-06T07:14:48","modified_gmt":"2023-07-06T05:14:48","slug":"ambassadeurs","status":"publish","type":"page","link":"https:\/\/alpen-tour.at\/de\/ambassadeurs\/","title":{"rendered":"Repr\u00e4sentanten"},"content":{"rendered":"<section class=\"l-section wpb_row height_medium\"><div class=\"l-section-h i-cf\"><div class=\"g-cols vc_row via_grid cols_1 laptops-cols_inherit tablets-cols_inherit mobiles-cols_1 valign_top type_default stacking_default\" style=\"--columns-gap:56px;\"><div class=\"wpb_column vc_column_container\"><div class=\"vc_column-inner\">[vc_custom_heading text=&#8220;REPR\u00c4SENTANTEN&#8220; font_container=&#8220;tag:h1|text_align:center&#8220; google_fonts=&#8220;font_family:Orbitron%3Aregular%2C500%2C700%2C900|font_style:700%20bold%20regular%3A700%3Anormal&#8220;]<div class=\"wpb_text_column\"><div class=\"wpb_wrapper\"><p style=\"text-align: center;\">2023 findet die Veranstaltung zum 24. Mal statt. Seit 1999 fordert die Alpentour Trophy Fahrer aus aller Welt, zum 4-t\u00e4gigen Mountainbike-Etappenrennen auf, das eine atemberaubende Berglandschaft rund um die Region Schladming-Dachstein bietet<\/p>\n<p style=\"text-align: center;\">Wir haben eine Gruppe von Alpentour Finisher und Experten f\u00fcr Radsportveranstaltungen zusammengestellt, die uns international als unsere \u201eRepr\u00e4sentanten&#8220;\u201c vertreten werden &#8211; sie sind Ihre direkten Ansprechpartner und Anlaufstelle f\u00fcr alle Fragen zu unserem Rennen!<\/p>\n<p style=\"text-align: center;\">Bitte senden Sie Ihre Anfragen direkt an Ihren zust\u00e4ndigen Repr\u00e4sentanten.<\/p>\n<\/div><\/div><\/div><\/div><\/div><\/div><\/section><section class=\"l-section wpb_row height_small color_alternate\"><div class=\"l-section-overlay\" style=\"background:rgba(255,255,255,0.5)\"><\/div><div class=\"l-section-h i-cf\"><div class=\"g-cols vc_row via_grid cols_3 laptops-cols_inherit tablets-cols_inherit mobiles-cols_1 valign_top type_default stacking_default\" style=\"--columns-gap:50px;\"><div class=\"wpb_column vc_column_container\"><div class=\"vc_column-inner\"><div class=\"w-person layout_circle with_desc with_socials\" itemscope itemtype=\"https:\/\/schema.org\/Person\"><div class=\"w-person-image\"><a title=\"brendon@croc.at\" target=\" _blank\" rel=\"nofollow\" href=\"mailto:brendon@croc.at\" class=\"w-person-link\" aria-label=\"AUS Brendon Skerke\"><img loading=\"lazy\" decoding=\"async\" width=\"1024\" height=\"683\" src=\"https:\/\/alpen-tour.at\/wp-content\/uploads\/2019\/06\/AT_2019_PLANAI\u00a9RS-5485-1024x683.jpg\" class=\"attachment-large size-large\" alt=\"\" itemprop=\"image\" srcset=\"https:\/\/alpen-tour.at\/wp-content\/uploads\/2019\/06\/AT_2019_PLANAI\u00a9RS-5485-1024x683.jpg 1024w, https:\/\/alpen-tour.at\/wp-content\/uploads\/2019\/06\/AT_2019_PLANAI\u00a9RS-5485-300x200.jpg 300w, https:\/\/alpen-tour.at\/wp-content\/uploads\/2019\/06\/AT_2019_PLANAI\u00a9RS-5485-600x400.jpg 600w\" sizes=\"(max-width: 1024px) 100vw, 1024px\" \/><\/a><div class=\"w-person-links\"><div class=\"w-person-links-list\"><a href=\"https:\/\/www.facebook.com\/bren.lance\" target=\"_blank\" rel=\"nofollow\" class=\"w-person-links-item type_facebook\" title=\"Facebook\"><i class=\"fab fa-facebook\"><\/i><\/a><a target=\"_blank\" rel=\"nofollow\" href=\"mailto:brendon@croc.at\" class=\"w-person-links-item type_custom_link\"><i class=\"far fa-envelope\"><\/i><\/a><\/div><\/div><\/div><div class=\"w-person-content\"><h4 itemprop=\"name\" class=\"w-person-name\"><a title=\"brendon@croc.at\" target=\" _blank\" rel=\"nofollow\" href=\"mailto:brendon@croc.at\" class=\"w-person-link\" aria-label=\"AUS Brendon Skerke\"><span>AUS Brendon Skerke<\/span><\/a><\/h4><div class=\"w-person-role\" itemprop=\"jobTitle\">Repr\u00e4sentant AUSTRALIEN<\/div><div class=\"w-person-description\" itemprop=\"description\"><p>Croc Finisher 2012-2019, Alpentour Finisher 2019, aus Cairns, spricht ENG. Brendon Skerke hat seinen Wohnsitz in Cairns und leitet das Astute Financial Racing Team. Als 7-facher Finisher ist er der Operations Manager der Veranstaltung, und unter anderem auch f\u00fcr die Etappenplanung verantwortlich ist.<\/p>\n<\/div><\/div><\/div><\/div><\/div><div class=\"wpb_column vc_column_container\"><div class=\"vc_column-inner\"><div class=\"w-person layout_circle with_desc with_socials\" itemscope itemtype=\"https:\/\/schema.org\/Person\"><div class=\"w-person-image\"><a title=\"martin@rockytrailentertainment.com\" target=\" _blank\" rel=\"nofollow\" href=\"mailto:martin@rockytrailentertainment.com\" class=\"w-person-link\" aria-label=\"AUS Martin Wisata\"><img loading=\"lazy\" decoding=\"async\" width=\"1024\" height=\"684\" src=\"https:\/\/alpen-tour.at\/wp-content\/uploads\/2020\/11\/04_Croc19-5529-1024x684-1024x684.jpg\" class=\"attachment-large size-large\" alt=\"\" itemprop=\"image\" srcset=\"https:\/\/alpen-tour.at\/wp-content\/uploads\/2020\/11\/04_Croc19-5529-1024x684.jpg 1024w, https:\/\/alpen-tour.at\/wp-content\/uploads\/2020\/11\/04_Croc19-5529-1024x684-300x200.jpg 300w, https:\/\/alpen-tour.at\/wp-content\/uploads\/2020\/11\/04_Croc19-5529-1024x684-600x400.jpg 600w\" sizes=\"(max-width: 1024px) 100vw, 1024px\" \/><\/a><div class=\"w-person-links\"><div class=\"w-person-links-list\"><a href=\"https:\/\/www.facebook.com\/martinjwisata\" target=\"_blank\" rel=\"nofollow\" class=\"w-person-links-item type_facebook\" title=\"Facebook\"><i class=\"fab fa-facebook\"><\/i><\/a><a target=\"_blank\" rel=\"nofollow\" href=\"mailto:martin@rockytrailentertainment.com\" class=\"w-person-links-item type_custom_link\"><i class=\"far fa-envelope\"><\/i><\/a><\/div><\/div><\/div><div class=\"w-person-content\"><h4 itemprop=\"name\" class=\"w-person-name\"><a title=\"martin@rockytrailentertainment.com\" target=\" _blank\" rel=\"nofollow\" href=\"mailto:martin@rockytrailentertainment.com\" class=\"w-person-link\" aria-label=\"AUS Martin Wisata\"><span>AUS Martin Wisata<\/span><\/a><\/h4><div class=\"w-person-role\" itemprop=\"jobTitle\">Repr\u00e4sentant AUSTRALIEN<\/div><div class=\"w-person-description\" itemprop=\"description\"><p>Croc Finisher 2010-2019 \/ Aus Sydney spricht ENG \/ GER, Martin Wisata ist unser aktueller Rekordhalter f\u00fcr die meisten gefahrenen Crocodile Trophy-Events. Der geb\u00fcrtige \u00d6sterreicher lebt seit 2003 in Australien, wo er Rocky Trail Entertainment leitet, einen der gr\u00f6\u00dften Veranstalter von Mountainbike-Events des Landes mit Sitz in NSW.<\/p>\n<\/div><\/div><\/div><\/div><\/div><div class=\"wpb_column vc_column_container\"><div class=\"vc_column-inner\"><div class=\"w-person layout_circle with_desc with_socials\" itemscope itemtype=\"https:\/\/schema.org\/Person\"><div class=\"w-person-image\"><a title=\"krenn86@icloud.com\" target=\"_blank\" rel=\"nofollow\" href=\"mailto:krenn86@icloud.com\" class=\"w-person-link\" aria-label=\"AUT Wolfgang Krenn\"><img loading=\"lazy\" decoding=\"async\" width=\"682\" height=\"1024\" src=\"https:\/\/alpen-tour.at\/wp-content\/uploads\/2023\/03\/krenn-682x1024.jpg\" class=\"attachment-large size-large\" alt=\"\" itemprop=\"image\" srcset=\"https:\/\/alpen-tour.at\/wp-content\/uploads\/2023\/03\/krenn-682x1024.jpg 682w, https:\/\/alpen-tour.at\/wp-content\/uploads\/2023\/03\/krenn-200x300.jpg 200w, https:\/\/alpen-tour.at\/wp-content\/uploads\/2023\/03\/krenn-600x901.jpg 600w, https:\/\/alpen-tour.at\/wp-content\/uploads\/2023\/03\/krenn.jpg 852w\" sizes=\"(max-width: 682px) 100vw, 682px\" \/><\/a><div class=\"w-person-links\"><div class=\"w-person-links-list\"><a href=\"https:\/\/www.facebook.com\/koenraad.vanschoren\" target=\"_blank\" rel=\"nofollow\" class=\"w-person-links-item type_facebook\" title=\"Facebook\"><i class=\"fab fa-facebook\"><\/i><\/a><a target=\"_blank\" rel=\"nofollow\" href=\"mailto:koenraad@croc.at\" class=\"w-person-links-item type_custom_link\"><i class=\"far fa-envelope\"><\/i><\/a><\/div><\/div><\/div><div class=\"w-person-content\"><h4 itemprop=\"name\" class=\"w-person-name\"><a title=\"krenn86@icloud.com\" target=\"_blank\" rel=\"nofollow\" href=\"mailto:krenn86@icloud.com\" class=\"w-person-link\" aria-label=\"AUT Wolfgang Krenn\"><span>AUT Wolfgang Krenn<\/span><\/a><\/h4><div class=\"w-person-role\" itemprop=\"jobTitle\">Repr\u00e4sentant \u00d6STERREICH<\/div><div class=\"w-person-description\" itemprop=\"description\"><p>Wolfgang Krenn lebt am Mondsee in \u00d6sterreich. Er konnte unz\u00e4hlige Top 10 Platzierungen bei UCI MTB Rennen erreichen, wie z.B. 3. Platz bei der Algarve Bike Challenge, 6. Platz beim Brasil Race, u.v.m. Im Jahr 2022 gewann er als 2. \u00d6sterreicher die Crocodile Trophy in Australien.<br \/>\nIm Jahr 2023 wird er an der Alpentour Trophy und als Titelverteidiger bei der Crocodile Trophy 2023 an den Start gehen. <\/p>\n<\/div><\/div><\/div><\/div><\/div><\/div><\/div><\/section><!-- Row Backgrounds --><div class=\"upb_color\" data-bg-override=\"0\" data-bg-color=\"#ffffff\" data-fadeout=\"\" data-fadeout-percentage=\"30\" data-parallax-content=\"\" data-parallax-content-sense=\"30\" data-row-effect-mobile-disable=\"true\" data-img-parallax-mobile-disable=\"true\" data-rtl=\"false\"  data-custom-vc-row=\"\"  data-vc=\"8.7.2\"  data-is_old_vc=\"\"  data-theme-support=\"\"   data-overlay=\"false\" data-overlay-color=\"\" data-overlay-pattern=\"\" data-overlay-pattern-opacity=\"\" data-overlay-pattern-size=\"\"    ><\/div><section class=\"l-section wpb_row height_small color_alternate\"><div class=\"l-section-overlay\" style=\"background:rgba(255,255,255,0.5)\"><\/div><div class=\"l-section-h i-cf\"><div class=\"g-cols vc_row via_grid cols_3 laptops-cols_inherit tablets-cols_inherit mobiles-cols_1 valign_top type_default stacking_default\" style=\"--columns-gap:50px;\"><div class=\"wpb_column vc_column_container\"><div class=\"vc_column-inner\"><div class=\"w-person layout_circle with_desc with_socials\" itemscope itemtype=\"https:\/\/schema.org\/Person\"><div class=\"w-person-image\"><a title=\"lukas@lukas-kaufmann.com\" target=\" _blank\" rel=\"nofollow\" href=\"mailto:lukas@lukas-kaufmann.com\" class=\"w-person-link\" aria-label=\"AUT Lukas Kaufmann\"><img loading=\"lazy\" decoding=\"async\" width=\"1024\" height=\"705\" src=\"https:\/\/alpen-tour.at\/wp-content\/uploads\/2020\/11\/04_Croc19-8290-1024x705-1024x705.jpg\" class=\"attachment-large size-large\" alt=\"\" itemprop=\"image\" srcset=\"https:\/\/alpen-tour.at\/wp-content\/uploads\/2020\/11\/04_Croc19-8290-1024x705.jpg 1024w, https:\/\/alpen-tour.at\/wp-content\/uploads\/2020\/11\/04_Croc19-8290-1024x705-300x207.jpg 300w, https:\/\/alpen-tour.at\/wp-content\/uploads\/2020\/11\/04_Croc19-8290-1024x705-600x413.jpg 600w\" sizes=\"(max-width: 1024px) 100vw, 1024px\" \/><\/a><div class=\"w-person-links\"><div class=\"w-person-links-list\"><a href=\"https:\/\/www.facebook.com\/lukas.kaufmann.71\" target=\"_blank\" rel=\"nofollow\" class=\"w-person-links-item type_facebook\" title=\"Facebook\"><i class=\"fab fa-facebook\"><\/i><\/a><a target=\"_blank\" rel=\"nofollow\" href=\"mailto:lukas@lukas-kaufmann.com\" class=\"w-person-links-item type_custom_link\"><i class=\"far fa-envelope\"><\/i><\/a><\/div><\/div><\/div><div class=\"w-person-content\"><h4 itemprop=\"name\" class=\"w-person-name\"><a title=\"lukas@lukas-kaufmann.com\" target=\" _blank\" rel=\"nofollow\" href=\"mailto:lukas@lukas-kaufmann.com\" class=\"w-person-link\" aria-label=\"AUT Lukas Kaufmann\"><span>AUT Lukas Kaufmann<\/span><\/a><\/h4><div class=\"w-person-role\" itemprop=\"jobTitle\">Repr\u00e4sentant \u00d6STERREICH &amp; Fahrervertreter<\/div><div class=\"w-person-description\" itemprop=\"description\"><p>MTB Extremsportler \/ Croc Finisher 2019 \/ Mit Wohnsitz in \u00d6sterreich, er spricht DE \/ ENG. Lukas Kaufmann ist ein begeisterter Mountainbiker und s\u00fcchtig nach extremen und exotischen Rennen auf der ganzen Welt. Er schreibt Berichte \u00fcber alle seine Ereignisse auf www.lukas-kaufmann.com und erkl\u00e4rt sich seit 2019 auch f\u00fcr &#8222;infiziert mit dem CROC-Virus&#8220;.<\/p>\n<\/div><\/div><\/div><\/div><\/div><div class=\"wpb_column vc_column_container\"><div class=\"vc_column-inner\"><div class=\"w-person layout_circle with_desc with_socials\" itemscope itemtype=\"https:\/\/schema.org\/Person\"><div class=\"w-person-image\"><a title=\"koenraad@croc.at\" target=\" _blank\" rel=\"nofollow\" href=\"mailto:koenraad@croc.at\" class=\"w-person-link\" aria-label=\"BENELUX Koenraad Vanschoren\"><img loading=\"lazy\" decoding=\"async\" width=\"695\" height=\"669\" src=\"https:\/\/alpen-tour.at\/wp-content\/uploads\/2020\/11\/Bildschirmfoto-2017-12-20-um-21.05.09.png\" class=\"attachment-large size-large\" alt=\"\" itemprop=\"image\" srcset=\"https:\/\/alpen-tour.at\/wp-content\/uploads\/2020\/11\/Bildschirmfoto-2017-12-20-um-21.05.09.png 695w, https:\/\/alpen-tour.at\/wp-content\/uploads\/2020\/11\/Bildschirmfoto-2017-12-20-um-21.05.09-300x289.png 300w, https:\/\/alpen-tour.at\/wp-content\/uploads\/2020\/11\/Bildschirmfoto-2017-12-20-um-21.05.09-600x578.png 600w\" sizes=\"(max-width: 695px) 100vw, 695px\" \/><\/a><div class=\"w-person-links\"><div class=\"w-person-links-list\"><a href=\"https:\/\/www.facebook.com\/koenraad.vanschoren\" target=\"_blank\" rel=\"nofollow\" class=\"w-person-links-item type_facebook\" title=\"Facebook\"><i class=\"fab fa-facebook\"><\/i><\/a><a target=\"_blank\" rel=\"nofollow\" href=\"mailto:koenraad@croc.at\" class=\"w-person-links-item type_custom_link\"><i class=\"far fa-envelope\"><\/i><\/a><\/div><\/div><\/div><div class=\"w-person-content\"><h4 itemprop=\"name\" class=\"w-person-name\"><a title=\"koenraad@croc.at\" target=\" _blank\" rel=\"nofollow\" href=\"mailto:koenraad@croc.at\" class=\"w-person-link\" aria-label=\"BENELUX Koenraad Vanschoren\"><span>BENELUX Koenraad Vanschoren<\/span><\/a><\/h4><div class=\"w-person-role\" itemprop=\"jobTitle\">Repr\u00e4sentant BENELUX<\/div><div class=\"w-person-description\" itemprop=\"description\"><p>Croc Finisher 2015 \/ wohnhaft in Br\u00fcssel, spricht BEL \/ NED \/ FR \/ ENG. Koenraad ist der Organisator der belgischen MTB Challenge. Er ist seit mehreren Jahren Teil unseres Crocodile Trophy Management-Teams<\/p>\n<\/div><\/div><\/div><\/div><\/div><div class=\"wpb_column vc_column_container\"><div class=\"vc_column-inner\"><div class=\"w-person layout_circle with_desc with_socials\" itemscope itemtype=\"https:\/\/schema.org\/Person\"><div class=\"w-person-image\"><a title=\"henry@bikecr.com\" href=\"mailto:henry@bikecr.com\" class=\"w-person-link\" aria-label=\"CRC\/MEX Henry Perez\"><img loading=\"lazy\" decoding=\"async\" width=\"1024\" height=\"684\" src=\"https:\/\/alpen-tour.at\/wp-content\/uploads\/2020\/11\/Henry_perez-1024x684.jpg\" class=\"attachment-large size-large\" alt=\"\" itemprop=\"image\" srcset=\"https:\/\/alpen-tour.at\/wp-content\/uploads\/2020\/11\/Henry_perez.jpg 1024w, https:\/\/alpen-tour.at\/wp-content\/uploads\/2020\/11\/Henry_perez-300x200.jpg 300w, https:\/\/alpen-tour.at\/wp-content\/uploads\/2020\/11\/Henry_perez-600x400.jpg 600w\" sizes=\"(max-width: 1024px) 100vw, 1024px\" \/><\/a><div class=\"w-person-links\"><div class=\"w-person-links-list\"><a target=\"_blank\" rel=\"nofollow\" href=\"mailto:henry@bikecr.com\" class=\"w-person-links-item type_custom_link\"><i class=\"far fa-envelope\"><\/i><\/a><\/div><\/div><\/div><div class=\"w-person-content\"><h4 itemprop=\"name\" class=\"w-person-name\"><a title=\"henry@bikecr.com\" href=\"mailto:henry@bikecr.com\" class=\"w-person-link\" aria-label=\"CRC\/MEX Henry Perez\"><span>CRC\/MEX Henry Perez<\/span><\/a><\/h4><div class=\"w-person-role\" itemprop=\"jobTitle\">Repr\u00e4sentant COSTA RICA &amp; MEXICO<\/div><div class=\"w-person-description\" itemprop=\"description\"><p>Henry ist Bike Rider &amp; Guide aus Costa Rica und Gr\u00fcnder von https:\/\/www.bikecr.com\/ spezialisiert auf Radtouren auf der ganzen Welt seit mehr als 15 Jahren. Henry ist auch Finisher der Alpentour Trophy und zahlreichen Langstreckenrennen, auf der ganzen Welt Die Saison 2021 beinhaltet nat\u00fcrlich die Teilnahme bei der Crocodile Trophy.<\/p>\n<\/div><\/div><\/div><\/div><\/div><\/div><\/div><\/section><!-- Row Backgrounds --><div class=\"upb_color\" data-bg-override=\"0\" data-bg-color=\"#ffffff\" data-fadeout=\"\" data-fadeout-percentage=\"30\" data-parallax-content=\"\" data-parallax-content-sense=\"30\" data-row-effect-mobile-disable=\"true\" data-img-parallax-mobile-disable=\"true\" data-rtl=\"false\"  data-custom-vc-row=\"\"  data-vc=\"8.7.2\"  data-is_old_vc=\"\"  data-theme-support=\"\"   data-overlay=\"false\" data-overlay-color=\"\" data-overlay-pattern=\"\" data-overlay-pattern-opacity=\"\" data-overlay-pattern-size=\"\"    ><\/div><section class=\"l-section wpb_row height_small color_alternate\"><div class=\"l-section-overlay\" style=\"background:rgba(255,255,255,0.5)\"><\/div><div class=\"l-section-h i-cf\"><div class=\"g-cols vc_row via_grid cols_3 laptops-cols_inherit tablets-cols_inherit mobiles-cols_1 valign_top type_default stacking_default\" style=\"--columns-gap:50px;\"><div class=\"wpb_column vc_column_container\"><div class=\"vc_column-inner\"><div class=\"w-person layout_circle with_desc with_socials\" itemscope itemtype=\"https:\/\/schema.org\/Person\"><div class=\"w-person-image\"><a title=\"ctwally@hotmail.com\" target=\" _blank\" rel=\"nofollow\" href=\"mailto:ctwally@hotmail.com\" class=\"w-person-link\" aria-label=\"CAN\/USA\/NEP\/IND Cory Wallace\"><img loading=\"lazy\" decoding=\"async\" width=\"640\" height=\"428\" src=\"https:\/\/alpen-tour.at\/wp-content\/uploads\/2020\/11\/480407_386468188100718_1785002589_n.jpg\" class=\"attachment-large size-large\" alt=\"\" itemprop=\"image\" srcset=\"https:\/\/alpen-tour.at\/wp-content\/uploads\/2020\/11\/480407_386468188100718_1785002589_n.jpg 640w, https:\/\/alpen-tour.at\/wp-content\/uploads\/2020\/11\/480407_386468188100718_1785002589_n-300x201.jpg 300w, https:\/\/alpen-tour.at\/wp-content\/uploads\/2020\/11\/480407_386468188100718_1785002589_n-600x400.jpg 600w\" sizes=\"(max-width: 640px) 100vw, 640px\" \/><\/a><div class=\"w-person-links\"><div class=\"w-person-links-list\"><a href=\"https:\/\/www.facebook.com\/cory.wallace.39\" target=\"_blank\" rel=\"nofollow\" class=\"w-person-links-item type_facebook\" title=\"Facebook\"><i class=\"fab fa-facebook\"><\/i><\/a><a target=\"_blank\" rel=\"nofollow\" href=\"mailto:ctwally@hotmail.com\" class=\"w-person-links-item type_custom_link\"><i class=\"far fa-envelope\"><\/i><\/a><\/div><\/div><\/div><div class=\"w-person-content\"><h4 itemprop=\"name\" class=\"w-person-name\"><a title=\"ctwally@hotmail.com\" target=\" _blank\" rel=\"nofollow\" href=\"mailto:ctwally@hotmail.com\" class=\"w-person-link\" aria-label=\"CAN\/USA\/NEP\/IND Cory Wallace\"><span>CAN\/USA\/NEP\/IND Cory Wallace<\/span><\/a><\/h4><div class=\"w-person-role\" itemprop=\"jobTitle\">Repr\u00e4sentant KANADA, USA, NEPAL &amp; INDIEN<\/div><div class=\"w-person-description\" itemprop=\"description\"><p>Cory Wallace ist in den kanadischen Rocky Mountains aufgewachsen. Er began im Jahr 2000 mit dem Radsport und fuhr Radrennen auf der ganzen Welt. Cory fuhr viermal die Crocodile Trophy und wurde zweimal Zweiter. Er nahm auch 3 x an der Alpen Tour Trophy teil. Er gewann die 24 Sunden -Weltmeisterschaften 2017 \/ 2018 und 2019.<\/p>\n<\/div><\/div><\/div><\/div><\/div><div class=\"wpb_column vc_column_container\"><div class=\"vc_column-inner\"><div class=\"w-person layout_circle with_desc with_socials\" itemscope itemtype=\"https:\/\/schema.org\/Person\"><div class=\"w-person-image\"><a title=\"marin.dekovic@mpartneri.hr\" target=\" _blank\" rel=\"nofollow\" href=\"mailto:marin.dekovic@mpartneri.hr\" class=\"w-person-link\" aria-label=\"CRO Marin Dekovic\"><img loading=\"lazy\" decoding=\"async\" width=\"480\" height=\"320\" src=\"https:\/\/alpen-tour.at\/wp-content\/uploads\/2020\/11\/Marin-Dekovic.png\" class=\"attachment-large size-large\" alt=\"\" itemprop=\"image\" srcset=\"https:\/\/alpen-tour.at\/wp-content\/uploads\/2020\/11\/Marin-Dekovic.png 480w, https:\/\/alpen-tour.at\/wp-content\/uploads\/2020\/11\/Marin-Dekovic-300x200.png 300w\" sizes=\"(max-width: 480px) 100vw, 480px\" \/><\/a><div class=\"w-person-links\"><div class=\"w-person-links-list\"><a href=\"https:\/\/www.facebook.com\/marin.dekovic.9\" target=\"_blank\" rel=\"nofollow\" class=\"w-person-links-item type_facebook\" title=\"Facebook\"><i class=\"fab fa-facebook\"><\/i><\/a><a target=\"_blank\" rel=\"nofollow\" href=\"mailto:marin.dekovic@mpartneri.hr\" class=\"w-person-links-item type_custom_link\"><i class=\"far fa-envelope\"><\/i><\/a><\/div><\/div><\/div><div class=\"w-person-content\"><h4 itemprop=\"name\" class=\"w-person-name\"><a title=\"marin.dekovic@mpartneri.hr\" target=\" _blank\" rel=\"nofollow\" href=\"mailto:marin.dekovic@mpartneri.hr\" class=\"w-person-link\" aria-label=\"CRO Marin Dekovic\"><span>CRO Marin Dekovic<\/span><\/a><\/h4><div class=\"w-person-role\" itemprop=\"jobTitle\">Repr\u00e4sentant KROATIEN<\/div><div class=\"w-person-description\" itemprop=\"description\"><p>Marin Dekovic, grew up in Rijeka, Kroatien Mitglied des Rotary Clubs Rijeka und leidenschaftlicher Radfahrer. 3 x Nationaler Champion in XCO, 4 x Nationaler Champion in XCM und Finisher zahlreicher international Radsportevents.<\/p>\n<\/div><\/div><\/div><\/div><\/div><div class=\"wpb_column vc_column_container\"><div class=\"vc_column-inner\"><div class=\"w-person layout_circle with_desc with_socials\" itemscope itemtype=\"https:\/\/schema.org\/Person\"><div class=\"w-person-image\"><a title=\"marketa@myshadows.net\" target=\" _blank\" rel=\"nofollow\" href=\"mailto:marketa@myshadows.net\" class=\"w-person-link\" aria-label=\"CZE\/SVK Marketa Navratilova\"><img loading=\"lazy\" decoding=\"async\" width=\"768\" height=\"1024\" src=\"https:\/\/alpen-tour.at\/wp-content\/uploads\/2020\/11\/Marketa-Navratilova-768x1024.jpg\" class=\"attachment-large size-large\" alt=\"\" itemprop=\"image\" srcset=\"https:\/\/alpen-tour.at\/wp-content\/uploads\/2020\/11\/Marketa-Navratilova-768x1024.jpg 768w, https:\/\/alpen-tour.at\/wp-content\/uploads\/2020\/11\/Marketa-Navratilova-225x300.jpg 225w, https:\/\/alpen-tour.at\/wp-content\/uploads\/2020\/11\/Marketa-Navratilova-600x800.jpg 600w, https:\/\/alpen-tour.at\/wp-content\/uploads\/2020\/11\/Marketa-Navratilova.jpg 1000w\" sizes=\"(max-width: 768px) 100vw, 768px\" \/><\/a><div class=\"w-person-links\"><div class=\"w-person-links-list\"><a href=\"https:\/\/www.facebook.com\/marketa.navratilova.7528\" target=\"_blank\" rel=\"nofollow\" class=\"w-person-links-item type_facebook\" title=\"Facebook\"><i class=\"fab fa-facebook\"><\/i><\/a><a target=\"_blank\" rel=\"nofollow\" href=\"mailto:marketa@myshadows.net\" class=\"w-person-links-item type_custom_link\"><i class=\"far fa-envelope\"><\/i><\/a><\/div><\/div><\/div><div class=\"w-person-content\"><h4 itemprop=\"name\" class=\"w-person-name\"><a title=\"marketa@myshadows.net\" target=\" _blank\" rel=\"nofollow\" href=\"mailto:marketa@myshadows.net\" class=\"w-person-link\" aria-label=\"CZE\/SVK Marketa Navratilova\"><span>CZE\/SVK Marketa Navratilova<\/span><\/a><\/h4><div class=\"w-person-role\" itemprop=\"jobTitle\">Repr\u00e4sentantin TSCHECHIEN &amp; SLOWAKEI<\/div><div class=\"w-person-description\" itemprop=\"description\"><p>Marketa Navratilova ist eine tschechische professionelle Fotografin mit Wohnsitz in Prag. Sie arbeitete f\u00fcr die niederl\u00e4ndische Nachrichtenagentur Cor Vos und berichtete \u00fcber wichtige Radsportveranstaltungen auf der ganzen Welt, darunter die Tour de France (25 Mal), ProTour-Rennen und die Weltmeisterschaften. Sie berichtete auch \u00fcber Ereignisse wie die Olympischen Spiele, den Ironman in Hawaii, die Crocodile Trophy dreimal (2000-2002) und einige Jahre sp\u00e4ter \u00fcber Alpentour. Sie ist eine angesehene Person in der Radsport-Community und schreibt regelm\u00e4\u00dfig Beitr\u00e4ge f\u00fcr tschechische Sportmedien.<\/p>\n<\/div><\/div><\/div><\/div><\/div><\/div><\/div><\/section><!-- Row Backgrounds --><div class=\"upb_color\" data-bg-override=\"0\" data-bg-color=\"#ffffff\" data-fadeout=\"\" data-fadeout-percentage=\"30\" data-parallax-content=\"\" data-parallax-content-sense=\"30\" data-row-effect-mobile-disable=\"true\" data-img-parallax-mobile-disable=\"true\" data-rtl=\"false\"  data-custom-vc-row=\"\"  data-vc=\"8.7.2\"  data-is_old_vc=\"\"  data-theme-support=\"\"   data-overlay=\"false\" data-overlay-color=\"\" data-overlay-pattern=\"\" data-overlay-pattern-opacity=\"\" data-overlay-pattern-size=\"\"    ><\/div><section class=\"l-section wpb_row height_small color_alternate\"><div class=\"l-section-overlay\" style=\"background:rgba(255,255,255,0.5)\"><\/div><div class=\"l-section-h i-cf\"><div class=\"g-cols vc_row via_grid cols_3 laptops-cols_inherit tablets-cols_inherit mobiles-cols_1 valign_top type_default stacking_default\" style=\"--columns-gap:50px;\"><div class=\"wpb_column vc_column_container\"><div class=\"vc_column-inner\"><div class=\"w-person layout_circle with_desc with_socials\" itemscope itemtype=\"https:\/\/schema.org\/Person\"><div class=\"w-person-image\"><a title=\"cecilia-christopher@live.dk\" target=\" _blank\" rel=\"nofollow\" href=\"mailto:cecilia-christopher@live.dk\" class=\"w-person-link\" aria-label=\"DEN Cecilia and Christopher Glimberg R\u00f8nne\"><img loading=\"lazy\" decoding=\"async\" width=\"508\" height=\"640\" src=\"https:\/\/alpen-tour.at\/wp-content\/uploads\/2020\/11\/image0.jpeg\" class=\"attachment-large size-large\" alt=\"\" itemprop=\"image\" srcset=\"https:\/\/alpen-tour.at\/wp-content\/uploads\/2020\/11\/image0.jpeg 508w, https:\/\/alpen-tour.at\/wp-content\/uploads\/2020\/11\/image0-238x300.jpeg 238w\" sizes=\"(max-width: 508px) 100vw, 508px\" \/><\/a><div class=\"w-person-links\"><div class=\"w-person-links-list\"><a href=\"https:\/\/www.facebook.com\/cecilia.christopher\" target=\"_blank\" rel=\"nofollow\" class=\"w-person-links-item type_facebook\" title=\"Facebook\"><i class=\"fab fa-facebook\"><\/i><\/a><a target=\"_blank\" rel=\"nofollow\" href=\"mailto:cecilia-christopher@live.dk\" class=\"w-person-links-item type_custom_link\"><i class=\"far fa-envelope\"><\/i><\/a><\/div><\/div><\/div><div class=\"w-person-content\"><h4 itemprop=\"name\" class=\"w-person-name\"><a title=\"cecilia-christopher@live.dk\" target=\" _blank\" rel=\"nofollow\" href=\"mailto:cecilia-christopher@live.dk\" class=\"w-person-link\" aria-label=\"DEN Cecilia and Christopher Glimberg R\u00f8nne\"><span>DEN Cecilia and Christopher Glimberg R\u00f8nne<\/span><\/a><\/h4><div class=\"w-person-role\" itemprop=\"jobTitle\">Repr\u00e4sentant D\u00c4NEMARK<\/div><div class=\"w-person-description\" itemprop=\"description\"><p>Cecilia: Cecilia: Eine Intensivkrankenschwester und freiberufliche Fotografin aus D\u00e4nemark, bereist mit ihrem Mann und der geliebten Kamera die Welt.<br \/>\nChristopher: Journalist und Mountainbiker aus D\u00e4nemark. Reist mit seiner Frau um die Welt und suchen immer nach neuen Abenteuern. Er hat mehrere Male an der Alpentour Trophy teilgenommen<\/p>\n<\/div><\/div><\/div><\/div><\/div><div class=\"wpb_column vc_column_container\"><div class=\"vc_column-inner\"><div class=\"w-person layout_circle with_desc with_socials\" itemscope itemtype=\"https:\/\/schema.org\/Person\"><div class=\"w-person-image\"><a title=\"tiina.s.idstrom@gmail.com\" target=\"_blank\" rel=\"nofollow\" href=\"mailto:tiina.s.idstrom@gmail.com\" class=\"w-person-link\" aria-label=\"FIN\/NOR Tiina and Reima Idstr\u00f6m\"><img loading=\"lazy\" decoding=\"async\" width=\"768\" height=\"1024\" src=\"https:\/\/alpen-tour.at\/wp-content\/uploads\/2020\/11\/IMG_20190707_181049-768x1024-768x1024.jpg\" class=\"attachment-large size-large\" alt=\"\" itemprop=\"image\" srcset=\"https:\/\/alpen-tour.at\/wp-content\/uploads\/2020\/11\/IMG_20190707_181049-768x1024.jpg 768w, https:\/\/alpen-tour.at\/wp-content\/uploads\/2020\/11\/IMG_20190707_181049-768x1024-225x300.jpg 225w, https:\/\/alpen-tour.at\/wp-content\/uploads\/2020\/11\/IMG_20190707_181049-768x1024-600x800.jpg 600w\" sizes=\"(max-width: 768px) 100vw, 768px\" \/><\/a><div class=\"w-person-links\"><div class=\"w-person-links-list\"><a target=\"_blank\" rel=\"nofollow\" href=\"mailto:tiina.idstrom@saariselka.com\" class=\"w-person-links-item type_custom_link\"><i class=\"far fa-envelope\"><\/i><\/a><\/div><\/div><\/div><div class=\"w-person-content\"><h4 itemprop=\"name\" class=\"w-person-name\"><a title=\"tiina.s.idstrom@gmail.com\" target=\"_blank\" rel=\"nofollow\" href=\"mailto:tiina.s.idstrom@gmail.com\" class=\"w-person-link\" aria-label=\"FIN\/NOR Tiina and Reima Idstr\u00f6m\"><span>FIN\/NOR Tiina and Reima Idstr\u00f6m<\/span><\/a><\/h4><div class=\"w-person-role\" itemprop=\"jobTitle\">Repr\u00e4sentanten FINNLAND &amp; NORWEGEN<\/div><div class=\"w-person-description\" itemprop=\"description\"><p>Tiina und Reima nehmen auch an Radsportwettbewerbe teil. Veranstalter und MTB-Guides mit Sitz in Saariselk\u00e4, Nordfinnland.<br \/>\nBeide fahren in Finnland, Norwegen und anderen europ\u00e4ischen L\u00e4ndern und haben die Alpentour Trophy viermal beendet.<br \/>\nArbeiten zur Entwicklung des Mountainbikens im Norden. Ich spreche Finnisch und Englisch.<\/p>\n<\/div><\/div><\/div><\/div><\/div><div class=\"wpb_column vc_column_container\"><div class=\"vc_column-inner\"><div class=\"w-person layout_circle with_desc with_socials\" itemscope itemtype=\"https:\/\/schema.org\/Person\"><div class=\"w-person-image\"><a title=\"renevallee60@gmail.com\" target=\" _blank\" rel=\"nofollow\" href=\"mailto:renevallee60@gmail.com\" class=\"w-person-link\" aria-label=\"FRA Ren\u00e9 Vall\u00e9e\"><img loading=\"lazy\" decoding=\"async\" width=\"480\" height=\"606\" src=\"https:\/\/alpen-tour.at\/wp-content\/uploads\/2020\/11\/Rene-Vallee-2.jpg\" class=\"attachment-large size-large\" alt=\"\" itemprop=\"image\" srcset=\"https:\/\/alpen-tour.at\/wp-content\/uploads\/2020\/11\/Rene-Vallee-2.jpg 480w, https:\/\/alpen-tour.at\/wp-content\/uploads\/2020\/11\/Rene-Vallee-2-238x300.jpg 238w\" sizes=\"(max-width: 480px) 100vw, 480px\" \/><\/a><div class=\"w-person-links\"><div class=\"w-person-links-list\"><a href=\"https:\/\/www.facebook.com\/nenedu11\" target=\"_blank\" rel=\"nofollow\" class=\"w-person-links-item type_facebook\" title=\"Facebook\"><i class=\"fab fa-facebook\"><\/i><\/a><a target=\"_blank\" rel=\"nofollow\" href=\"mailto:renevallee60@gmail.com\" class=\"w-person-links-item type_custom_link\"><i class=\"far fa-envelope\"><\/i><\/a><\/div><\/div><\/div><div class=\"w-person-content\"><h4 itemprop=\"name\" class=\"w-person-name\"><a title=\"renevallee60@gmail.com\" target=\" _blank\" rel=\"nofollow\" href=\"mailto:renevallee60@gmail.com\" class=\"w-person-link\" aria-label=\"FRA Ren\u00e9 Vall\u00e9e\"><span>FRA Ren\u00e9 Vall\u00e9e<\/span><\/a><\/h4><div class=\"w-person-role\" itemprop=\"jobTitle\">Repr\u00e4sentant FRANKREICH<\/div><div class=\"w-person-description\" itemprop=\"description\"><p>Leidenschaft f\u00fcr Mountainbiken, Teilnahme an Etappenrennen auf der ganzen Welt. 2019 Finisher von Croc Trophy, Pioneer, Cape Epic (3), Brek Epic, Carpathian Epic &#8230; und vielen anderen, mehrmals auf dem Podium und bald m\u00f6chte ich an der Alpen Trophy und der UCI XCM teilnehmen. Meine Herausforderung ist das Abenteuer, f\u00fcr das ich immer bereit bin. La Foresti\u00e8re, mein Verein und mein Team, reisen zu vielen internationale Veranstaltungen.<\/p>\n<\/div><\/div><\/div><\/div><\/div><\/div><\/div><\/section><!-- Row Backgrounds --><div class=\"upb_color\" data-bg-override=\"0\" data-bg-color=\"#ffffff\" data-fadeout=\"\" data-fadeout-percentage=\"30\" data-parallax-content=\"\" data-parallax-content-sense=\"30\" data-row-effect-mobile-disable=\"true\" data-img-parallax-mobile-disable=\"true\" data-rtl=\"false\"  data-custom-vc-row=\"\"  data-vc=\"8.7.2\"  data-is_old_vc=\"\"  data-theme-support=\"\"   data-overlay=\"false\" data-overlay-color=\"\" data-overlay-pattern=\"\" data-overlay-pattern-opacity=\"\" data-overlay-pattern-size=\"\"    ><\/div><section class=\"l-section wpb_row height_small color_alternate\"><div class=\"l-section-overlay\" style=\"background:rgba(255,255,255,0.5)\"><\/div><div class=\"l-section-h i-cf\"><div class=\"g-cols vc_row via_grid cols_3 laptops-cols_inherit tablets-cols_inherit mobiles-cols_1 valign_top type_default stacking_default\" style=\"--columns-gap:50px;\"><div class=\"wpb_column vc_column_container\"><div class=\"vc_column-inner\"><div class=\"w-person layout_circle with_desc with_socials\" itemscope itemtype=\"https:\/\/schema.org\/Person\"><div class=\"w-person-image\"><a title=\"beckei74@hotmail.com\" target=\" _blank\" rel=\"nofollow\" href=\"mailto:beckei74@hotmail.com\" class=\"w-person-link\" aria-label=\"GER Markus Beck\"><img loading=\"lazy\" decoding=\"async\" width=\"1024\" height=\"1024\" src=\"https:\/\/alpen-tour.at\/wp-content\/uploads\/2020\/11\/IMG-20191019-WA0010-1024x1024.jpg\" class=\"attachment-large size-large\" alt=\"\" itemprop=\"image\" srcset=\"https:\/\/alpen-tour.at\/wp-content\/uploads\/2020\/11\/IMG-20191019-WA0010-1024x1024.jpg 1024w, https:\/\/alpen-tour.at\/wp-content\/uploads\/2020\/11\/IMG-20191019-WA0010-150x150.jpg 150w, https:\/\/alpen-tour.at\/wp-content\/uploads\/2020\/11\/IMG-20191019-WA0010-300x300.jpg 300w, https:\/\/alpen-tour.at\/wp-content\/uploads\/2020\/11\/IMG-20191019-WA0010-350x350.jpg 350w, https:\/\/alpen-tour.at\/wp-content\/uploads\/2020\/11\/IMG-20191019-WA0010-600x600.jpg 600w, https:\/\/alpen-tour.at\/wp-content\/uploads\/2020\/11\/IMG-20191019-WA0010.jpg 1599w\" sizes=\"(max-width: 1024px) 100vw, 1024px\" \/><\/a><div class=\"w-person-links\"><div class=\"w-person-links-list\"><a href=\"https:\/\/www.facebook.com\/markus.beck.16\" target=\"_blank\" rel=\"nofollow\" class=\"w-person-links-item type_facebook\" title=\"Facebook\"><i class=\"fab fa-facebook\"><\/i><\/a><a target=\"_blank\" rel=\"nofollow\" href=\"mailto:beckei74@hotmail.com\" class=\"w-person-links-item type_custom_link\"><i class=\"far fa-envelope\"><\/i><\/a><\/div><\/div><\/div><div class=\"w-person-content\"><h4 itemprop=\"name\" class=\"w-person-name\"><a title=\"beckei74@hotmail.com\" target=\" _blank\" rel=\"nofollow\" href=\"mailto:beckei74@hotmail.com\" class=\"w-person-link\" aria-label=\"GER Markus Beck\"><span>GER Markus Beck<\/span><\/a><\/h4><div class=\"w-person-role\" itemprop=\"jobTitle\">Repr\u00e4sentant DEUTSCHLAND<\/div><div class=\"w-person-description\" itemprop=\"description\"><p>Hotelmanager eines Stadthotels in Bad Reichenhall in Bayern, seit 2011 mit meiner Partnerin Katrin. Ich habe 2003 mit dem Radfahren angefangen, nachdem ich mit dem Rauchen aufh\u00f6rte. 2018 fuhr ich meine erste Crocodile Trophy. 2019 wurde ich 4. in der Amateurklasse. 3 x Alpentour Teilnahmen 2017, 2018 und 2019.<\/p>\n<\/div><\/div><\/div><\/div><\/div><div class=\"wpb_column vc_column_container\"><div class=\"vc_column-inner\"><div class=\"w-person layout_circle with_desc with_socials\" itemscope itemtype=\"https:\/\/schema.org\/Person\"><div class=\"w-person-image\"><a title=\"info@acycling.com\" target=\" _blank\" rel=\"nofollow\" href=\"mailto:info@acycling.com\" class=\"w-person-link\" aria-label=\"GBR Matthew Page\"><img loading=\"lazy\" decoding=\"async\" width=\"514\" height=\"768\" src=\"https:\/\/alpen-tour.at\/wp-content\/uploads\/2020\/12\/1SC_4207.jpg\" class=\"attachment-large size-large\" alt=\"\" itemprop=\"image\" srcset=\"https:\/\/alpen-tour.at\/wp-content\/uploads\/2020\/12\/1SC_4207.jpg 514w, https:\/\/alpen-tour.at\/wp-content\/uploads\/2020\/12\/1SC_4207-201x300.jpg 201w\" sizes=\"(max-width: 514px) 100vw, 514px\" \/><\/a><div class=\"w-person-links\"><div class=\"w-person-links-list\"><a href=\"https:\/\/www.facebook.com\/matthew.page.1654\" target=\"_blank\" rel=\"nofollow\" class=\"w-person-links-item type_facebook\" title=\"Facebook\"><i class=\"fab fa-facebook\"><\/i><\/a><a target=\"_blank\" rel=\"nofollow\" href=\"mailto:info@acycling.com\" class=\"w-person-links-item type_custom_link\"><i class=\"far fa-envelope\"><\/i><\/a><\/div><\/div><\/div><div class=\"w-person-content\"><h4 itemprop=\"name\" class=\"w-person-name\"><a title=\"info@acycling.com\" target=\" _blank\" rel=\"nofollow\" href=\"mailto:info@acycling.com\" class=\"w-person-link\" aria-label=\"GBR Matthew Page\"><span>GBR Matthew Page<\/span><\/a><\/h4><div class=\"w-person-role\" itemprop=\"jobTitle\">Repr\u00e4sentant GROSSBRITANNIEN<\/div><div class=\"w-person-description\" itemprop=\"description\"><p>Ein ehemaliger Vollzeitfahrer, der sich auf Einzel- und 24-Stunden-Langstreckenveranstaltungen spezialisiert hat, und auch die britischen und europ\u00e4ischen 24-Stunden-Einzelmeisterschaften 2010 gewann. Jetzt ist er Veranstalter, der in United Kingdom &#8222;Battle on the Beach&#8220; organisiert. Er ist um die Welt gereist und hatte an vielen der besten und h\u00e4rtesten Etappenrennen der Welt teilgenommen. Er hat an der Crocodile Trophy 2012 und 2013 teilgenommen und hofft in naher Zukunft wieder dabei sein zu k\u00f6nnen.<\/p>\n<\/div><\/div><\/div><\/div><\/div><div class=\"wpb_column vc_column_container\"><div class=\"vc_column-inner\"><div class=\"w-person layout_circle with_desc with_socials\" itemscope itemtype=\"https:\/\/schema.org\/Person\"><div class=\"w-person-image\"><a title=\"braun.sandor.andras@gmail.com\" target=\" _blank\" rel=\"nofollow\" href=\"mailto:braun.sandor.andras@gmail.com\" class=\"w-person-link\" aria-label=\"HUN Sandor Braun\"><img loading=\"lazy\" decoding=\"async\" width=\"768\" height=\"1024\" src=\"https:\/\/alpen-tour.at\/wp-content\/uploads\/2020\/11\/IMG-8a69778847a5cbad89c363af76bcbe57-V-768x1024.jpg\" class=\"attachment-large size-large\" alt=\"\" itemprop=\"image\" srcset=\"https:\/\/alpen-tour.at\/wp-content\/uploads\/2020\/11\/IMG-8a69778847a5cbad89c363af76bcbe57-V-768x1024.jpg 768w, https:\/\/alpen-tour.at\/wp-content\/uploads\/2020\/11\/IMG-8a69778847a5cbad89c363af76bcbe57-V-225x300.jpg 225w, https:\/\/alpen-tour.at\/wp-content\/uploads\/2020\/11\/IMG-8a69778847a5cbad89c363af76bcbe57-V-600x800.jpg 600w, https:\/\/alpen-tour.at\/wp-content\/uploads\/2020\/11\/IMG-8a69778847a5cbad89c363af76bcbe57-V.jpg 960w\" sizes=\"(max-width: 768px) 100vw, 768px\" \/><\/a><div class=\"w-person-links\"><div class=\"w-person-links-list\"><a target=\"_blank\" rel=\"nofollow\" href=\"mailto:braun.sandor.andras@gmail.com\" class=\"w-person-links-item type_custom_link\"><i class=\"far fa-envelope\"><\/i><\/a><\/div><\/div><\/div><div class=\"w-person-content\"><h4 itemprop=\"name\" class=\"w-person-name\"><a title=\"braun.sandor.andras@gmail.com\" target=\" _blank\" rel=\"nofollow\" href=\"mailto:braun.sandor.andras@gmail.com\" class=\"w-person-link\" aria-label=\"HUN Sandor Braun\"><span>HUN Sandor Braun<\/span><\/a><\/h4><div class=\"w-person-role\" itemprop=\"jobTitle\">Repr\u00e4sentant UNGARN<\/div><div class=\"w-person-description\" itemprop=\"description\"><p>Sandor Braun lebt in Ungarn. Er hat acht Mal bei der Alpentour teilgenommen und als Journalist f\u00fcr mehrere ungarische Magazine berichtet.<br \/>\nSein gro\u00dfer Traum und sein Ziel ist es, an der Crocodile Trophy in Australien teilzunehmen.<\/p>\n<\/div><\/div><\/div><\/div><\/div><\/div><\/div><\/section><!-- Row Backgrounds --><div class=\"upb_color\" data-bg-override=\"0\" data-bg-color=\"#ffffff\" data-fadeout=\"\" data-fadeout-percentage=\"30\" data-parallax-content=\"\" data-parallax-content-sense=\"30\" data-row-effect-mobile-disable=\"true\" data-img-parallax-mobile-disable=\"true\" data-rtl=\"false\"  data-custom-vc-row=\"\"  data-vc=\"8.7.2\"  data-is_old_vc=\"\"  data-theme-support=\"\"   data-overlay=\"false\" data-overlay-color=\"\" data-overlay-pattern=\"\" data-overlay-pattern-opacity=\"\" data-overlay-pattern-size=\"\"    ><\/div><section class=\"l-section wpb_row height_small color_alternate\"><div class=\"l-section-overlay\" style=\"background:rgba(255,255,255,0.5)\"><\/div><div class=\"l-section-h i-cf\"><div class=\"g-cols vc_row via_grid cols_3 laptops-cols_inherit tablets-cols_inherit mobiles-cols_1 valign_top type_default stacking_default\" style=\"--columns-gap:50px;\"><div class=\"wpb_column vc_column_container\"><div class=\"vc_column-inner\"><div class=\"w-person layout_circle with_desc with_socials\" itemscope itemtype=\"https:\/\/schema.org\/Person\"><div class=\"w-person-image\"><a title=\"idoeindor@gmail.com\" target=\" _blank\" rel=\"nofollow\" href=\"mailto:idoeindor@gmail.com\" class=\"w-person-link\" aria-label=\"ISR Ido Eindor\"><img loading=\"lazy\" decoding=\"async\" width=\"268\" height=\"272\" src=\"https:\/\/alpen-tour.at\/wp-content\/uploads\/2020\/11\/Ido-clowning.jpg\" class=\"attachment-large size-large\" alt=\"\" itemprop=\"image\" \/><\/a><div class=\"w-person-links\"><div class=\"w-person-links-list\"><a href=\"https:\/\/www.facebook.com\/ido.eindor\" target=\"_blank\" rel=\"nofollow\" class=\"w-person-links-item type_facebook\" title=\"Facebook\"><i class=\"fab fa-facebook\"><\/i><\/a><a target=\"_blank\" rel=\"nofollow\" href=\"mailto:idoeindor@gmail.com\" class=\"w-person-links-item type_custom_link\"><i class=\"far fa-envelope\"><\/i><\/a><\/div><\/div><\/div><div class=\"w-person-content\"><h4 itemprop=\"name\" class=\"w-person-name\"><a title=\"idoeindor@gmail.com\" target=\" _blank\" rel=\"nofollow\" href=\"mailto:idoeindor@gmail.com\" class=\"w-person-link\" aria-label=\"ISR Ido Eindor\"><span>ISR Ido Eindor<\/span><\/a><\/h4><div class=\"w-person-role\" itemprop=\"jobTitle\">Repr\u00e4sentant ISRAEL<\/div><div class=\"w-person-description\" itemprop=\"description\"><p>Er lebt in Israel und spricht Englisch und Hebr\u00e4isch. Ido Eindor ist ein begeisterter Radfahrer und Rennfahrer in verschiedenen Disziplinen. Er ist int. UCI MTB-Kommissar, leitet eine Fahrrad-Timing-Firma und ist Mitglied der Israel Cycling Federation.<\/p>\n<\/div><\/div><\/div><\/div><\/div><div class=\"wpb_column vc_column_container\"><div class=\"vc_column-inner\"><div class=\"w-person layout_circle with_desc with_socials\" itemscope itemtype=\"https:\/\/schema.org\/Person\"><div class=\"w-person-image\"><a title=\"info@bikeandmore.it\" target=\" _blank\" rel=\"nofollow\" href=\"mailto:info@bikeandmore.ithttp:\/\/www.bikeandmore.it\" class=\"w-person-link\" aria-label=\"ITA Bettina Ravanelli &amp; Eugen Messina\"><img loading=\"lazy\" decoding=\"async\" width=\"849\" height=\"534\" src=\"https:\/\/alpen-tour.at\/wp-content\/uploads\/2020\/11\/bikeandmore.jpg\" class=\"attachment-large size-large\" alt=\"\" itemprop=\"image\" srcset=\"https:\/\/alpen-tour.at\/wp-content\/uploads\/2020\/11\/bikeandmore.jpg 849w, https:\/\/alpen-tour.at\/wp-content\/uploads\/2020\/11\/bikeandmore-300x189.jpg 300w, https:\/\/alpen-tour.at\/wp-content\/uploads\/2020\/11\/bikeandmore-600x377.jpg 600w\" sizes=\"(max-width: 849px) 100vw, 849px\" \/><\/a><div class=\"w-person-links\"><div class=\"w-person-links-list\"><a href=\"https:\/\/www.facebook.com\/EugenAndBettina\" target=\"_blank\" rel=\"nofollow\" class=\"w-person-links-item type_facebook\" title=\"Facebook\"><i class=\"fab fa-facebook\"><\/i><\/a><a target=\"_blank\" rel=\"nofollow\" href=\"mailto:info@bikeandmore.it\" class=\"w-person-links-item type_custom_link\"><i class=\"far fa-envelope\"><\/i><\/a><\/div><\/div><\/div><div class=\"w-person-content\"><h4 itemprop=\"name\" class=\"w-person-name\"><a title=\"info@bikeandmore.it\" target=\" _blank\" rel=\"nofollow\" href=\"mailto:info@bikeandmore.ithttp:\/\/www.bikeandmore.it\" class=\"w-person-link\" aria-label=\"ITA Bettina Ravanelli &amp; Eugen Messina\"><span>ITA Bettina Ravanelli &amp; Eugen Messina<\/span><\/a><\/h4><div class=\"w-person-role\" itemprop=\"jobTitle\">Repr\u00e4sentanten ITALIEN<\/div><div class=\"w-person-description\" itemprop=\"description\"><p>BIKE &amp; MORE mit Sitz in Bozen (Norditalien) ist ein Sport- und Eventunternehmen (seit 1999) und hat sich zu einem Bezugspunkt f\u00fcr Radfahrer aus aller Welt entwickelt.<br \/>\nBegeisterte Fahrer mit gro\u00dfartigen Radsportereignissen wie der Crocodile Trophy, oder Alpentour Trophy in Kontakt bringen www.bikeandmore.it<\/p>\n<\/div><\/div><\/div><\/div><\/div><div class=\"wpb_column vc_column_container\"><div class=\"vc_column-inner\"><div class=\"w-person layout_circle with_desc with_socials\" itemscope itemtype=\"https:\/\/schema.org\/Person\"><div class=\"w-person-image\"><a title=\"eline@sportservicelinssen.nl\" target=\" _blank\" rel=\"nofollow\" href=\"mailto:eline@sportservicelinssen.nl\" class=\"w-person-link\" aria-label=\"NED Eline Linssen\"><img loading=\"lazy\" decoding=\"async\" width=\"1000\" height=\"667\" src=\"https:\/\/alpen-tour.at\/wp-content\/uploads\/2020\/11\/1-Eline-Linssen.jpg\" class=\"attachment-large size-large\" alt=\"\" itemprop=\"image\" srcset=\"https:\/\/alpen-tour.at\/wp-content\/uploads\/2020\/11\/1-Eline-Linssen.jpg 1000w, https:\/\/alpen-tour.at\/wp-content\/uploads\/2020\/11\/1-Eline-Linssen-300x200.jpg 300w, https:\/\/alpen-tour.at\/wp-content\/uploads\/2020\/11\/1-Eline-Linssen-600x400.jpg 600w\" sizes=\"(max-width: 1000px) 100vw, 1000px\" \/><\/a><div class=\"w-person-links\"><div class=\"w-person-links-list\"><a href=\"https:\/\/www.facebook.com\/ElineLinssen\" target=\"_blank\" rel=\"nofollow\" class=\"w-person-links-item type_facebook\" title=\"Facebook\"><i class=\"fab fa-facebook\"><\/i><\/a><a target=\"_blank\" rel=\"nofollow\" href=\"mailto:eline@sportservicelinssen.nl\" class=\"w-person-links-item type_custom_link\"><i class=\"far fa-envelope\"><\/i><\/a><\/div><\/div><\/div><div class=\"w-person-content\"><h4 itemprop=\"name\" class=\"w-person-name\"><a title=\"eline@sportservicelinssen.nl\" target=\" _blank\" rel=\"nofollow\" href=\"mailto:eline@sportservicelinssen.nl\" class=\"w-person-link\" aria-label=\"NED Eline Linssen\"><span>NED Eline Linssen<\/span><\/a><\/h4><div class=\"w-person-role\" itemprop=\"jobTitle\">Repr\u00e4sentantin NIEDERLANDE<\/div><div class=\"w-person-description\" itemprop=\"description\"><p>Ich bin seit 2016 als Masseur \/ Betreuer im Radsport und als Erste-Hilfe-Unterst\u00fctzung seit 2003. Jetzt habe ich zwei Unternehmen: Sportservice Linssen (Sportveranstaltungen, Sportmassagen, Schlafcoaching, Personal Coaching). 2017 habe ich die &#8222;MTB Series&#8220; gegr\u00fcndet. Zwei Mal war ich bei der Crocodile Trophy und 7 Mal bei der Alpentour Trophy im Organisationsteam.<\/p>\n<\/div><\/div><\/div><\/div><\/div><\/div><\/div><\/section><!-- Row Backgrounds --><div class=\"upb_color\" data-bg-override=\"0\" data-bg-color=\"#ffffff\" data-fadeout=\"\" data-fadeout-percentage=\"30\" data-parallax-content=\"\" data-parallax-content-sense=\"30\" data-row-effect-mobile-disable=\"true\" data-img-parallax-mobile-disable=\"true\" data-rtl=\"false\"  data-custom-vc-row=\"\"  data-vc=\"8.7.2\"  data-is_old_vc=\"\"  data-theme-support=\"\"   data-overlay=\"false\" data-overlay-color=\"\" data-overlay-pattern=\"\" data-overlay-pattern-opacity=\"\" data-overlay-pattern-size=\"\"    ><\/div><section class=\"l-section wpb_row height_small color_alternate\"><div class=\"l-section-overlay\" style=\"background:rgba(255,255,255,0.5)\"><\/div><div class=\"l-section-h i-cf\"><div class=\"g-cols vc_row via_grid cols_3 laptops-cols_inherit tablets-cols_inherit mobiles-cols_1 valign_top type_default stacking_default\" style=\"--columns-gap:50px;\"><div class=\"wpb_column vc_column_container\"><div class=\"vc_column-inner\"><div class=\"w-person layout_circle with_desc with_socials\" itemscope itemtype=\"https:\/\/schema.org\/Person\"><div class=\"w-person-image\"><a title=\"gkyoung@gmail.com\" target=\"_blank\" rel=\"nofollow\" href=\"mailto:gkyoung@gmail.com\" class=\"w-person-link\" aria-label=\"NZL Graham Young\"><img loading=\"lazy\" decoding=\"async\" width=\"1000\" height=\"667\" src=\"https:\/\/alpen-tour.at\/wp-content\/uploads\/2020\/11\/1-Eline-Linssen.jpg\" class=\"attachment-large size-large\" alt=\"\" itemprop=\"image\" srcset=\"https:\/\/alpen-tour.at\/wp-content\/uploads\/2020\/11\/1-Eline-Linssen.jpg 1000w, https:\/\/alpen-tour.at\/wp-content\/uploads\/2020\/11\/1-Eline-Linssen-300x200.jpg 300w, https:\/\/alpen-tour.at\/wp-content\/uploads\/2020\/11\/1-Eline-Linssen-600x400.jpg 600w\" sizes=\"(max-width: 1000px) 100vw, 1000px\" \/><\/a><div class=\"w-person-links\"><div class=\"w-person-links-list\"><a href=\"https:\/\/www.facebook.com\/ElineLinssen\" target=\"_blank\" rel=\"nofollow\" class=\"w-person-links-item type_facebook\" title=\"Facebook\"><i class=\"fab fa-facebook\"><\/i><\/a><a target=\"_blank\" rel=\"nofollow\" href=\"mailto:eline@sportservicelinssen.nl\" class=\"w-person-links-item type_custom_link\"><i class=\"far fa-envelope\"><\/i><\/a><\/div><\/div><\/div><div class=\"w-person-content\"><h4 itemprop=\"name\" class=\"w-person-name\"><a title=\"gkyoung@gmail.com\" target=\"_blank\" rel=\"nofollow\" href=\"mailto:gkyoung@gmail.com\" class=\"w-person-link\" aria-label=\"NZL Graham Young\"><span>NZL Graham Young<\/span><\/a><\/h4><div class=\"w-person-role\" itemprop=\"jobTitle\">Repr\u00e4sentant NEUSEELAND<\/div><div class=\"w-person-description\" itemprop=\"description\"><p>Graeme f\u00e4hrt seit etwa 40 Jahren Rennrad und Mountainbike. Der IT-Spezialist aus Neuseeland, er lebt in Churchtown, hat Hunderte von Rennen und etwa 12 MTB-Etappenrennen absolviert, wie Cape Epic, Prospector, \u2026 und er hat 4-mal unsere Crocodile Trophy erfolgreich beendet.<\/p>\n<\/div><\/div><\/div><\/div><\/div><div class=\"wpb_column vc_column_container\"><div class=\"vc_column-inner\"><div class=\"w-person layout_circle with_desc with_socials\" itemscope itemtype=\"https:\/\/schema.org\/Person\"><div class=\"w-person-image\"><a title=\"zmossoczy@op.pl\" target=\" _blank\" rel=\"nofollow\" href=\"mailto:zmossoczy@op.pl\" class=\"w-person-link\" aria-label=\"POL Zbigniew Mossoczy\"><img loading=\"lazy\" decoding=\"async\" width=\"1024\" height=\"683\" src=\"https:\/\/alpen-tour.at\/wp-content\/uploads\/2020\/12\/705-1024x683.jpg\" class=\"attachment-large size-large\" alt=\"\" itemprop=\"image\" srcset=\"https:\/\/alpen-tour.at\/wp-content\/uploads\/2020\/12\/705-1024x683.jpg 1024w, https:\/\/alpen-tour.at\/wp-content\/uploads\/2020\/12\/705-300x200.jpg 300w, https:\/\/alpen-tour.at\/wp-content\/uploads\/2020\/12\/705-600x400.jpg 600w, https:\/\/alpen-tour.at\/wp-content\/uploads\/2020\/12\/705.jpg 2048w\" sizes=\"(max-width: 1024px) 100vw, 1024px\" \/><\/a><div class=\"w-person-links\"><div class=\"w-person-links-list\"><a href=\"https:\/\/www.facebook.com\/zbigniew.mossoczy\" target=\"_blank\" rel=\"nofollow\" class=\"w-person-links-item type_facebook\" title=\"Facebook\"><i class=\"fab fa-facebook\"><\/i><\/a><a target=\"_blank\" rel=\"nofollow\" href=\"mailto:zmossoczy@op.pl\" class=\"w-person-links-item type_custom_link\"><i class=\"far fa-envelope\"><\/i><\/a><\/div><\/div><\/div><div class=\"w-person-content\"><h4 itemprop=\"name\" class=\"w-person-name\"><a title=\"zmossoczy@op.pl\" target=\" _blank\" rel=\"nofollow\" href=\"mailto:zmossoczy@op.pl\" class=\"w-person-link\" aria-label=\"POL Zbigniew Mossoczy\"><span>POL Zbigniew Mossoczy<\/span><\/a><\/h4><div class=\"w-person-role\" itemprop=\"jobTitle\">Repr\u00e4sentant POLEN<\/div><div class=\"w-person-description\" itemprop=\"description\"><p>Seit Jahren s\u00fcchtig nach Mountainbiken. Finisher von mehr als zwanzig MTB-Etappenrennen auf f\u00fcnf Kontinenten, darunter die Crocodile Trophy 2013 und die 4 x The Alpentour Trophy.<br \/>\nLangj\u00e4hriger Mitarbeiter von BikeBoard &#8211; dem gr\u00f6\u00dften Mountainbiker-Magazin in Polen, in dem er Veranstaltungsberichte ver\u00f6ffentlicht.<\/p>\n<\/div><\/div><\/div><\/div><\/div><div class=\"wpb_column vc_column_container\"><div class=\"vc_column-inner\"><div class=\"w-person layout_circle with_desc with_socials\" itemscope itemtype=\"https:\/\/schema.org\/Person\"><div class=\"w-person-image\"><a title=\"servis.vesel@siol.net\" target=\" _blank\" rel=\"nofollow\" href=\"mailto:servis.vesel@siol.net\" class=\"w-person-link\" aria-label=\"SLO Peter Vesel\"><img loading=\"lazy\" decoding=\"async\" width=\"1024\" height=\"683\" src=\"https:\/\/alpen-tour.at\/wp-content\/uploads\/2020\/11\/1-Peter-Vesel-1024x683.jpg\" class=\"attachment-large size-large\" alt=\"\" itemprop=\"image\" srcset=\"https:\/\/alpen-tour.at\/wp-content\/uploads\/2020\/11\/1-Peter-Vesel-1024x683.jpg 1024w, https:\/\/alpen-tour.at\/wp-content\/uploads\/2020\/11\/1-Peter-Vesel-300x200.jpg 300w, https:\/\/alpen-tour.at\/wp-content\/uploads\/2020\/11\/1-Peter-Vesel-600x400.jpg 600w\" sizes=\"(max-width: 1024px) 100vw, 1024px\" \/><\/a><div class=\"w-person-links\"><div class=\"w-person-links-list\"><a href=\"https:\/\/www.facebook.com\/profile.php?id=100006775486512\" target=\"_blank\" rel=\"nofollow\" class=\"w-person-links-item type_facebook\" title=\"Facebook\"><i class=\"fab fa-facebook\"><\/i><\/a><a target=\"_blank\" rel=\"nofollow\" href=\"mailto:servis.vesel@siol.net\" class=\"w-person-links-item type_custom_link\"><i class=\"far fa-envelope\"><\/i><\/a><\/div><\/div><\/div><div class=\"w-person-content\"><h4 itemprop=\"name\" class=\"w-person-name\"><a title=\"servis.vesel@siol.net\" target=\" _blank\" rel=\"nofollow\" href=\"mailto:servis.vesel@siol.net\" class=\"w-person-link\" aria-label=\"SLO Peter Vesel\"><span>SLO Peter Vesel<\/span><\/a><\/h4><div class=\"w-person-role\" itemprop=\"jobTitle\">Repr\u00e4sentant SLOWENIEN<\/div><div class=\"w-person-description\" itemprop=\"description\"><p>Peter Vesel lebt in Slowenien. Er war ein erfolgreicher Int. Motorradrennfahrer, bevor er seine Leidenschaft als Mountainbiker entdeckte.<br \/>\nEr ist um die ganze Welt gereist und hat an einigen der gr\u00f6\u00dften MTB-Events teilgenommen, mit vielen Siegen.<br \/>\nEr sagt: &#8222;Ich mag die Alpentour wegen der steilen Anstiege und der sch\u00f6nen Berglandschaft sehr.&#8220;<\/p>\n<\/div><\/div><\/div><\/div><\/div><\/div><\/div><\/section><!-- Row Backgrounds --><div class=\"upb_color\" data-bg-override=\"0\" data-bg-color=\"#ffffff\" data-fadeout=\"\" data-fadeout-percentage=\"30\" data-parallax-content=\"\" data-parallax-content-sense=\"30\" data-row-effect-mobile-disable=\"true\" data-img-parallax-mobile-disable=\"true\" data-rtl=\"false\"  data-custom-vc-row=\"\"  data-vc=\"8.7.2\"  data-is_old_vc=\"\"  data-theme-support=\"\"   data-overlay=\"false\" data-overlay-color=\"\" data-overlay-pattern=\"\" data-overlay-pattern-opacity=\"\" data-overlay-pattern-size=\"\"    ><\/div><section class=\"l-section wpb_row height_small color_alternate\"><div class=\"l-section-overlay\" style=\"background:rgba(255,255,255,0.5)\"><\/div><div class=\"l-section-h i-cf\"><div class=\"g-cols vc_row via_grid cols_3 laptops-cols_inherit tablets-cols_inherit mobiles-cols_1 valign_top type_default stacking_default\" style=\"--columns-gap:50px;\"><div class=\"wpb_column vc_column_container\"><div class=\"vc_column-inner\"><div class=\"w-person layout_circle with_desc with_socials\" itemscope itemtype=\"https:\/\/schema.org\/Person\"><div class=\"w-person-image\"><a title=\"ohchingsoo@gmail.com\" target=\" _blank\" rel=\"nofollow\" href=\"mailto:lohchingsoo@gmail.com\" class=\"w-person-link\" aria-label=\"SIN Loh Ching Soo\"><img loading=\"lazy\" decoding=\"async\" width=\"1024\" height=\"1024\" src=\"https:\/\/alpen-tour.at\/wp-content\/uploads\/2020\/11\/118796735_10158775835024357_807552079105525535_o-1024x1024.jpg\" class=\"attachment-large size-large\" alt=\"\" itemprop=\"image\" srcset=\"https:\/\/alpen-tour.at\/wp-content\/uploads\/2020\/11\/118796735_10158775835024357_807552079105525535_o-1024x1024.jpg 1024w, https:\/\/alpen-tour.at\/wp-content\/uploads\/2020\/11\/118796735_10158775835024357_807552079105525535_o-1024x1024-150x150.jpg 150w, https:\/\/alpen-tour.at\/wp-content\/uploads\/2020\/11\/118796735_10158775835024357_807552079105525535_o-1024x1024-300x300.jpg 300w, https:\/\/alpen-tour.at\/wp-content\/uploads\/2020\/11\/118796735_10158775835024357_807552079105525535_o-1024x1024-350x350.jpg 350w, https:\/\/alpen-tour.at\/wp-content\/uploads\/2020\/11\/118796735_10158775835024357_807552079105525535_o-1024x1024-600x600.jpg 600w\" sizes=\"(max-width: 1024px) 100vw, 1024px\" \/><\/a><div class=\"w-person-links\"><div class=\"w-person-links-list\"><a href=\"https:\/\/www.facebook.com\/lohchingsoo\" target=\"_blank\" rel=\"nofollow\" class=\"w-person-links-item type_facebook\" title=\"Facebook\"><i class=\"fab fa-facebook\"><\/i><\/a><a target=\"_blank\" rel=\"nofollow\" href=\"mailto:lohchingsoo@gmail.com\" class=\"w-person-links-item type_custom_link\"><i class=\"far fa-envelope\"><\/i><\/a><\/div><\/div><\/div><div class=\"w-person-content\"><h4 itemprop=\"name\" class=\"w-person-name\"><a title=\"ohchingsoo@gmail.com\" target=\" _blank\" rel=\"nofollow\" href=\"mailto:lohchingsoo@gmail.com\" class=\"w-person-link\" aria-label=\"SIN Loh Ching Soo\"><span>SIN Loh Ching Soo<\/span><\/a><\/h4><div class=\"w-person-role\" itemprop=\"jobTitle\">Repr\u00e4sentant SINGAPUR<\/div><div class=\"w-person-description\" itemprop=\"description\"><p>Loh Ching Soo hat seinen Wohnsitz in Singapur. Er liebt das Radfahren und nahm an der Crocodile Trophy 2019 teil. Mountainbike-Etappenrennen sind seine Lieblingsveranstaltungen.<br \/>\nEr ist auf der ganzen Welt Rennen gefahren &#8211; in S\u00fcdafrika, Malaysia, Portugal, der Mongolei, Marokko, Vietnam, Nepal und Costa Rica. Ching Soo ist ein Technologie-Manager im asiatisch-pazifischen Raum in den Bereichen Cloud, SaaS, Cybersicherheit, digitaler Arbeitsbereich, Virtualisierung und Infrastruktur.<\/p>\n<\/div><\/div><\/div><\/div><\/div><div class=\"wpb_column vc_column_container\"><div class=\"vc_column-inner\"><div class=\"w-person layout_circle with_desc with_socials\" itemscope itemtype=\"https:\/\/schema.org\/Person\"><div class=\"w-person-image\"><a target=\"_blank\" rel=\"nofollow\" href=\"mailto:nellielarsson79@hotmail.com\" class=\"w-person-link\" aria-label=\"SWE Nellie Larsson\"><img loading=\"lazy\" decoding=\"async\" width=\"1024\" height=\"921\" src=\"https:\/\/alpen-tour.at\/wp-content\/uploads\/2022\/08\/20220622_11055321-1024x921.jpg\" class=\"attachment-large size-large\" alt=\"\" itemprop=\"image\" srcset=\"https:\/\/alpen-tour.at\/wp-content\/uploads\/2022\/08\/20220622_11055321-1024x921.jpg 1024w, https:\/\/alpen-tour.at\/wp-content\/uploads\/2022\/08\/20220622_11055321-300x270.jpg 300w, https:\/\/alpen-tour.at\/wp-content\/uploads\/2022\/08\/20220622_11055321-600x540.jpg 600w, https:\/\/alpen-tour.at\/wp-content\/uploads\/2022\/08\/20220622_11055321.jpg 1908w\" sizes=\"(max-width: 1024px) 100vw, 1024px\" \/><\/a><div class=\"w-person-links\"><div class=\"w-person-links-list\"><a target=\"_blank\" rel=\"nofollow\" href=\"mailto:nellielarsson79@hotmail.com\" class=\"w-person-links-item type_custom_link\"><i class=\"far fa-envelope\"><\/i><\/a><\/div><\/div><\/div><div class=\"w-person-content\"><h4 itemprop=\"name\" class=\"w-person-name\"><a target=\"_blank\" rel=\"nofollow\" href=\"mailto:nellielarsson79@hotmail.com\" class=\"w-person-link\" aria-label=\"SWE Nellie Larsson\"><span>SWE Nellie Larsson<\/span><\/a><\/h4><div class=\"w-person-role\" itemprop=\"jobTitle\">Repr\u00e4sentantin SCHWEDEN<\/div><div class=\"w-person-description\" itemprop=\"description\"><p>Die schwedische Mountainbikerin hat sich spezialisiert auf Marathondistanzen. Sie war bereits zweifache Mutter als sie in der Elite Kategorie im Radsport eingestiegen ist. Ihre Familie ist ein wichtiger Teil ihres Lebens. Die gesamte Familie f\u00e4hrt Rad und erkundet auf ihren Reisen MTB Strecken. Nellie engagiert sich stark im \u00f6rtlichen Sportverein Bukten MTB und entwickelt MTB Tracks Entwicklung in S\u00fcdschweden. Sie ist Unternehmerin und arbeitet mit Kommunikation und Destinationsentwicklung. 2022 hat Nellie bei Alpentour 2022 teilgenommen. Ihr Fazit: \u201eIch habe es wirklich genossen, in den Alpen Rennen zu fahren und meine Familie liebt Schladming \u2013 lustig, sch\u00f6n und freundlich.\u201c<\/p>\n<\/div><\/div><\/div><\/div><\/div><div class=\"wpb_column vc_column_container\"><div class=\"vc_column-inner\"><div class=\"w-person layout_circle with_desc with_socials\" itemscope itemtype=\"https:\/\/schema.org\/Person\"><div class=\"w-person-image\"><a title=\"velostadi@stadi.ch  \" target=\"_blank\" rel=\"nofollow\" href=\"mailto:velostadi@stadi.ch  \" class=\"w-person-link\" aria-label=\"SUI Robert Stadelmann\"><img loading=\"lazy\" decoding=\"async\" width=\"1024\" height=\"1024\" src=\"https:\/\/alpen-tour.at\/wp-content\/uploads\/2023\/05\/Stadelmann-1024x1024.jpg\" class=\"attachment-large size-large\" alt=\"\" itemprop=\"image\" srcset=\"https:\/\/alpen-tour.at\/wp-content\/uploads\/2023\/05\/Stadelmann-1024x1024.jpg 1024w, https:\/\/alpen-tour.at\/wp-content\/uploads\/2023\/05\/Stadelmann-300x300.jpg 300w, https:\/\/alpen-tour.at\/wp-content\/uploads\/2023\/05\/Stadelmann-150x150.jpg 150w, https:\/\/alpen-tour.at\/wp-content\/uploads\/2023\/05\/Stadelmann-350x350.jpg 350w, https:\/\/alpen-tour.at\/wp-content\/uploads\/2023\/05\/Stadelmann-600x600.jpg 600w\" sizes=\"(max-width: 1024px) 100vw, 1024px\" \/><\/a><div class=\"w-person-links\"><div class=\"w-person-links-list\"><a href=\"https:\/\/www.facebook.com\/lohchingsoo\" target=\"_blank\" rel=\"nofollow\" class=\"w-person-links-item type_facebook\" title=\"Facebook\"><i class=\"fab fa-facebook\"><\/i><\/a><a target=\"_blank\" rel=\"nofollow\" href=\"mailto:lohchingsoo@gmail.com\" class=\"w-person-links-item type_custom_link\"><i class=\"far fa-envelope\"><\/i><\/a><\/div><\/div><\/div><div class=\"w-person-content\"><h4 itemprop=\"name\" class=\"w-person-name\"><a title=\"velostadi@stadi.ch  \" target=\"_blank\" rel=\"nofollow\" href=\"mailto:velostadi@stadi.ch  \" class=\"w-person-link\" aria-label=\"SUI Robert Stadelmann\"><span>SUI Robert Stadelmann<\/span><\/a><\/h4><div class=\"w-person-role\" itemprop=\"jobTitle\">Repr\u00e4sentant SCHWEIZ<\/div><div class=\"w-person-description\" itemprop=\"description\"><p>Schon als Teenager bin ich auf der Stra\u00dfe Radrennen gefahren und habe sp\u00e4ter dadurch die halbe Welt bereist. Als Ende der 80 Jahre die Bikes nach Europa kamen, habe ich damit einen Teil der Alpen in Europa, Asien und Afrika erobert. Als Inhaber eines Veloshops www.stadi.ch bin ich immer noch vom Rad Virus befallen. <\/p>\n<\/div><\/div><\/div><\/div><\/div><\/div><\/div><\/section><!-- Row Backgrounds --><div class=\"upb_color\" data-bg-override=\"0\" data-bg-color=\"#ffffff\" data-fadeout=\"\" data-fadeout-percentage=\"30\" data-parallax-content=\"\" data-parallax-content-sense=\"30\" data-row-effect-mobile-disable=\"true\" data-img-parallax-mobile-disable=\"true\" data-rtl=\"false\"  data-custom-vc-row=\"\"  data-vc=\"8.7.2\"  data-is_old_vc=\"\"  data-theme-support=\"\"   data-overlay=\"false\" data-overlay-color=\"\" data-overlay-pattern=\"\" data-overlay-pattern-opacity=\"\" data-overlay-pattern-size=\"\"    ><\/div><section class=\"l-section wpb_row height_small color_alternate\"><div class=\"l-section-overlay\" style=\"background:rgba(255,255,255,0.5)\"><\/div><div class=\"l-section-h i-cf\"><div class=\"g-cols vc_row via_grid cols_3 laptops-cols_inherit tablets-cols_inherit mobiles-cols_1 valign_top type_default stacking_default\" style=\"--columns-gap:50px;\"><div class=\"wpb_column vc_column_container\"><div class=\"vc_column-inner\"><div class=\"w-person layout_circle with_desc with_socials\" itemscope itemtype=\"https:\/\/schema.org\/Person\"><div class=\"w-person-image\"><a target=\" _blank\" rel=\"nofollow\" href=\"mailto:roman.floesser@gmail.com\" class=\"w-person-link\" aria-label=\"THA\/VNM Roman Fl\u00f6sser\"><img loading=\"lazy\" decoding=\"async\" width=\"362\" height=\"344\" src=\"https:\/\/alpen-tour.at\/wp-content\/uploads\/2021\/12\/Bildschirmfoto-2021-12-07-um-12.19.01.png\" class=\"attachment-large size-large\" alt=\"\" itemprop=\"image\" srcset=\"https:\/\/alpen-tour.at\/wp-content\/uploads\/2021\/12\/Bildschirmfoto-2021-12-07-um-12.19.01.png 362w, https:\/\/alpen-tour.at\/wp-content\/uploads\/2021\/12\/Bildschirmfoto-2021-12-07-um-12.19.01-300x285.png 300w\" sizes=\"(max-width: 362px) 100vw, 362px\" \/><\/a><div class=\"w-person-links\"><div class=\"w-person-links-list\"><a href=\"https:\/\/www.facebook.com\/roman.floesser\" target=\"_blank\" rel=\"nofollow\" class=\"w-person-links-item type_facebook\" title=\"Facebook\"><i class=\"fab fa-facebook\"><\/i><\/a><a target=\"_blank\" rel=\"nofollow\" href=\"mailto:roman.floesser@gmail.com\" class=\"w-person-links-item type_custom_link\"><i class=\"far fa-envelope\"><\/i><\/a><\/div><\/div><\/div><div class=\"w-person-content\"><h4 itemprop=\"name\" class=\"w-person-name\"><a target=\" _blank\" rel=\"nofollow\" href=\"mailto:roman.floesser@gmail.com\" class=\"w-person-link\" aria-label=\"THA\/VNM Roman Fl\u00f6sser\"><span>THA\/VNM Roman Fl\u00f6sser<\/span><\/a><\/h4><div class=\"w-person-role\" itemprop=\"jobTitle\">Repr\u00e4sentant THAILAND &amp; VIETNAM<\/div><div class=\"w-person-description\" itemprop=\"description\"><p>Als Mitbegr\u00fcnder des Laguna Phuket Marathons, dem popul\u00e4rsten Destinationenmarathons S\u00fcdostasiens und Renndirektor des \u00e4ltesten Triathlons S\u00fcdostasiens, dem Laguna Phuket Triathlon ist Roman ein ausgesprochener Experte in der Ausdauereventbranche. In den 15 Jahren, die er in S\u00fcdostasien gelebt und gearbeitet hat, hat er mehr als 100 Events veranstaltet, vom kleinen Kindertriathlon bis hin zu internationalen Laufveranstaltungen mit mehr als 10,000 Teilnehmern. Er ist passionierter L\u00e4ufer und Triathlet; und stolzer Finisher des legend\u00e4ren Langdistanztriathlon, Challenge Roth 2021.<\/p>\n<\/div><\/div><\/div><\/div><\/div><div class=\"wpb_column vc_column_container\"><div class=\"vc_column-inner\"><\/div><\/div><div class=\"wpb_column vc_column_container\"><div class=\"vc_column-inner\"><\/div><\/div><\/div><\/div><\/section><!-- Row Backgrounds --><div class=\"upb_color\" data-bg-override=\"0\" data-bg-color=\"#ffffff\" data-fadeout=\"\" data-fadeout-percentage=\"30\" data-parallax-content=\"\" data-parallax-content-sense=\"30\" data-row-effect-mobile-disable=\"true\" data-img-parallax-mobile-disable=\"true\" data-rtl=\"false\"  data-custom-vc-row=\"\"  data-vc=\"8.7.2\"  data-is_old_vc=\"\"  data-theme-support=\"\"   data-overlay=\"false\" data-overlay-color=\"\" data-overlay-pattern=\"\" data-overlay-pattern-opacity=\"\" data-overlay-pattern-size=\"\"    ><\/div><section class=\"l-section wpb_row height_medium\"><div class=\"l-section-h i-cf\"><div class=\"g-cols vc_row via_grid cols_1 laptops-cols_inherit tablets-cols_inherit mobiles-cols_1 valign_top type_default stacking_default\"><div class=\"wpb_column vc_column_container\"><div class=\"vc_column-inner\"><\/div><\/div><\/div><\/div><\/section>\n","protected":false},"excerpt":{"rendered":"[vc_custom_heading text=\"REPR\u00c4SENTANTEN\" font_container=\"tag:h1|text_align:center\" google_fonts=\"font_family:Orbitron%3Aregular%2C500%2C700%2C900|font_style:700%20bold%20regular%3A700%3Anormal\"]2023 findet die Veranstaltung zum 24. Mal statt. Seit 1999 fordert die Alpentour Trophy Fahrer aus aller Welt, zum 4-t\u00e4gigen Mountainbike-Etappenrennen auf, das eine atemberaubende Berglandschaft rund um die Region Schladming-Dachstein bietet Wir haben eine Gruppe von Alpentour Finisher und Experten f\u00fcr Radsportveranstaltungen zusammengestellt, die uns international als unsere \u201eRepr\u00e4sentanten&#8220;\u201c vertreten werden...","protected":false},"author":1,"featured_media":0,"parent":0,"menu_order":50,"comment_status":"closed","ping_status":"closed","template":"","meta":{"footnotes":""},"class_list":["post-10030","page","type-page","status-publish","hentry"],"_links":{"self":[{"href":"https:\/\/alpen-tour.at\/de\/wp-json\/wp\/v2\/pages\/10030"}],"collection":[{"href":"https:\/\/alpen-tour.at\/de\/wp-json\/wp\/v2\/pages"}],"about":[{"href":"https:\/\/alpen-tour.at\/de\/wp-json\/wp\/v2\/types\/page"}],"author":[{"embeddable":true,"href":"https:\/\/alpen-tour.at\/de\/wp-json\/wp\/v2\/users\/1"}],"replies":[{"embeddable":true,"href":"https:\/\/alpen-tour.at\/de\/wp-json\/wp\/v2\/comments?post=10030"}],"version-history":[{"count":33,"href":"https:\/\/alpen-tour.at\/de\/wp-json\/wp\/v2\/pages\/10030\/revisions"}],"predecessor-version":[{"id":20756,"href":"https:\/\/alpen-tour.at\/de\/wp-json\/wp\/v2\/pages\/10030\/revisions\/20756"}],"wp:attachment":[{"href":"https:\/\/alpen-tour.at\/de\/wp-json\/wp\/v2\/media?parent=10030"}],"curies":[{"name":"wp","href":"https:\/\/api.w.org\/{rel}","templated":true}]}}